{"id":1486,"date":"2009-12-13T01:08:47","date_gmt":"2009-12-13T00:08:47","guid":{"rendered":"http:\/\/www.apuntesdelengua.com\/blog\/?page_id=1486"},"modified":"2014-02-16T23:50:32","modified_gmt":"2014-02-16T22:50:32","slug":"morfologia-adjetivo","status":"publish","type":"page","link":"http:\/\/www.apuntesdelengua.com\/blog\/morfologia\/morfologia-adjetivo\/","title":{"rendered":"El Adjetivo"},"content":{"rendered":"<p style=\"text-align: center;\"><a href=\"http:\/\/www.apuntesdelengua.com\/archivos\/morfologia\/adjetivo\/mapaconceptualadjetivo.html\" target=\"_blank\"><img class=\"aligncenter\" alt=\"\" src=\"http:\/\/www.apuntesdelengua.com\/archivos\/morfologia\/adjetivo\/mapaconceptualadjetivo.jpg\" \/><\/a><\/p>\n<p style=\"text-align: justify;\"><span style=\"color: #008000;\"><span style=\"font-family: 'Century Gothic';\"><span style=\"font-size: x-large;\"><strong><img loading=\"lazy\" alt=\"\" src=\"http:\/\/www.fotosearch.com\/bthumb\/CSP\/CSP067\/k0670541.jpg\" width=\"45\" height=\"45\" align=\"absMiddle\" \/>Definici\u00f3n<\/strong><\/span><\/span><\/span><\/p>\n<p style=\"text-align: justify;\"><span style=\"color: #008000;\"><span style=\"font-family: 'Century Gothic';\"><span style=\"font-size: medium;\"><span style=\"color: #000000;\">Los <\/span><span style=\"color: #008000;\"><strong><span style=\"color: #008000;\">adjetivos<\/span><\/strong><\/span><span style=\"color: #000000;\"> son palabras que pueden acompa\u00f1ar al sustantivo y destacan una propiedad de lo expresado por el sustantivo o limitan su extensi\u00f3n: <\/span><em><span style=\"color: #000000;\">carb\u00f3n <\/span><strong><span style=\"color: #000000;\">vegetal<\/span><\/strong><\/em><span style=\"color: #000000;\">, <\/span><em><strong><span style=\"color: #000000;\">mi<\/span><\/strong><span style=\"color: #000000;\"> tel\u00e9fono<\/span><\/em><span style=\"color: #000000;\">.<\/span><\/span><\/span><\/span><\/p>\n<p style=\"text-align: justify;\"><span style=\"color: #008000;\"><span style=\"font-family: 'Century Gothic';\"><span style=\"font-size: medium;\"><span style=\"color: #000000;\">Entre los adjetivos se pueden distinguir dos <\/span><span style=\"color: #008000;\"><strong><span style=\"color: #008000;\">clases<\/span><\/strong><\/span><span style=\"color: #000000;\"> muy diferentes:<\/span><\/span><\/span><\/span><\/p>\n<p style=\"text-align: justify;\"><span style=\"color: #008000;\"><span style=\"font-family: 'Century Gothic';\"><span style=\"font-size: medium;\"><span style=\"color: #000000;\">Los <\/span><span style=\"color: #008000;\"><strong><span style=\"color: #008000;\">calificativos<\/span><\/strong><\/span><span style=\"color: #000000;\">, que expresan propiedades o circunstancias de los seres u objetos nombrados por un sustantivo: <\/span><em><span style=\"color: #000000;\">d\u00eda <\/span><strong><span style=\"color: #000000;\">soleado<\/span><\/strong><span style=\"color: #000000;\">, pareja <\/span><strong><span style=\"color: #000000;\">feliz<\/span><\/strong><\/em><span style=\"color: #000000;\">.<\/span><\/span><\/span><\/span><\/p>\n<p style=\"text-align: justify;\"><span style=\"color: #008000;\"><span style=\"font-family: 'Century Gothic';\"><span style=\"font-size: medium;\"><span style=\"color: #000000;\">Los <\/span><span style=\"color: #008000;\"><strong><span style=\"color: #008000;\">determinativos<\/span><\/strong><\/span><span style=\"color: #000000;\">, que concretan o limitan la extensi\u00f3n del sustantivo: <\/span><em><strong><span style=\"color: #000000;\">este<\/span><\/strong><span style=\"color: #000000;\"> a\u00f1o, <\/span><strong><span style=\"color: #000000;\">varios<\/span><\/strong><span style=\"color: #000000;\"> amigos<\/span><\/em><span style=\"color: #000000;\">.<\/span><\/span><\/span><\/span><\/p>\n<p style=\"text-align: justify;\"><span style=\"color: #008000;\"><span style=\"font-family: 'Century Gothic';\"><span style=\"font-size: x-large;\"><strong><img loading=\"lazy\" alt=\"\" src=\"http:\/\/www.fotosearch.com\/bthumb\/CSP\/CSP067\/k0670541.jpg\" width=\"45\" height=\"45\" align=\"absMiddle\" \/>Clases<\/strong><\/span><\/span><\/span><\/p>\n<p style=\"text-align: justify; padding-left: 30px;\"><span style=\"color: #008000;\"><span style=\"font-family: 'Century Gothic';\"><span style=\"font-size: medium;\"><span style=\"color: #008000;\">Por su forma:<\/span><\/span><\/span><\/span><\/p>\n<p style=\"text-align: justify; padding-left: 90px;\"><span style=\"color: #008000;\"><span style=\"font-family: 'Century Gothic';\"><span style=\"font-size: medium;\"><span style=\"color: #008000;\"><strong>Adjetivos de una terminaci\u00f3n<\/strong><\/span><span style=\"font-size: 13px;\"><span style=\"font-size: medium;\"><span style=\"color: #000000;\"><strong>:<\/strong> no presentan variaci\u00f3n de forma al cambiar el g\u00e9nero: Manzana <\/span><strong><span style=\"color: #000000;\"><span style=\"color: #008000;\">verde<\/span>, <\/span><\/strong><span style=\"color: #000000;\">hombre\/mujer <span style=\"color: #008000;\"><strong>\u00e1gil<\/strong><\/span>.<\/span><\/span><\/span><\/span><\/span><\/span><\/p>\n<p style=\"text-align: justify; padding-left: 90px;\"><span style=\"color: #008000;\"><span style=\"font-family: 'Century Gothic';\"><span style=\"font-size: medium;\"><span style=\"color: #000000;\"><span style=\"color: #008000;\"><strong>Adjetivos de dos terminaciones<\/strong><\/span><strong>:<\/strong> presentan formas distintas para el masculino y para el femenino: hombre <span style=\"color: #008000;\"><strong>rico,<\/strong><\/span> mujer <span style=\"color: #008000;\"><strong>rica,<\/strong><\/span> agua clara.<\/span><\/span><\/span><\/span><\/p>\n<p style=\"text-align: justify; padding-left: 30px;\"><span style=\"color: #008000;\"><span style=\"font-family: 'Century Gothic';\"><span style=\"font-size: medium;\"><span style=\"color: #008000;\">Por su significado:<\/span><\/span><\/span><\/span><\/p>\n<p style=\"padding-left: 90px;\"><span style=\"font-family: 'Century Gothic';\"><span style=\"font-size: medium;\"><span style=\"color: #008000;\"><strong>Adjetivos explicativos o ep\u00edtetos<\/strong><\/span><strong>:<\/strong> designan una cualidad propia del sustantivo al que se refieren; es decir, ponen de relieve una idea que ya est\u00e1 contenida en el sustantivo: nieve <strong><span style=\"color: #008000;\">blanca<\/span><\/strong>; hierba <span style=\"color: #008000;\"><strong>verde<\/strong><\/span>; mansos corderos.<br \/>\n<span style=\"font-family: 'Century Gothic';\"><span style=\"font-size: medium;\"><span style=\"color: #008000;\"><strong>Adjetivos especificativos<\/strong><\/span><\/span><span style=\"color: #000000;\"><span style=\"color: #008000;\"><strong>:<\/strong> <\/span>concretan al sustantivo limitando su extensi\u00f3n o seleccion\u00e1ndolo por la posesi\u00f3n de una nueva cualidad: <\/span><em><span style=\"color: #000000;\">Un perro <\/span><strong><span style=\"color: #008000;\">hambriento<\/span><\/strong><span style=\"color: #000000;\"> caminaba solitario<\/span><\/em><span style=\"color: #000000;\">.<\/span><\/span><\/span><\/span><\/p>\n<p style=\"padding-left: 90px;\"><span style=\"font-family: 'Century Gothic';\"><span style=\"font-size: medium;\"><span style=\"font-family: 'Century Gothic';\"><span style=\"color: #000000;\"><br \/>\n<\/span><\/span><\/span><\/span><\/p>\n<div style=\"width: 410px\" class=\"wp-caption aligncenter\"><img loading=\"lazy\" alt=\"\" src=\"http:\/\/www.kalipedia.com\/kalipediamedia\/lenguayliteratura\/media\/200704\/17\/lenguacastellana\/20070417klplyllec_20.Ges.SCO.png\" width=\"400\" height=\"180\" \/><p class=\"wp-caption-text\">Fuente: Kalipedia<\/p><\/div>\n<p style=\"text-align: justify;\"><span style=\"font-family: 'Century Gothic';\"><span style=\"font-size: medium;\"><span style=\"color: #339966;\"><span style=\"color: #000000;\">Vemos como en estos dos casos, los adjetivos calificativos <span style=\"color: #008000;\"><strong>concuerdan<\/strong><\/span> en g\u00e9nero y n\u00famero con el sustantivo al que complementan:<\/span><\/span><\/span><\/span><\/p>\n<p style=\"text-align: justify;\"><span style=\"font-family: 'Century Gothic';\"><span style=\"font-size: medium;\"><span style=\"color: #339966;\"><span style=\"color: #000000;\"><span style=\"color: #008000;\"><strong>Peque\u00f1o<\/strong><\/span> (masculino, singular) concuerda con <span style=\"color: #008000;\"><strong>perro<\/strong><\/span> (masculino, singular)<\/span><\/span><\/span><\/span><\/p>\n<p style=\"text-align: justify;\"><span style=\"font-family: 'Century Gothic';\"><span style=\"font-size: medium;\"><span style=\"color: #339966;\"><span style=\"color: #000000;\"><span style=\"color: #008000;\"><strong>Agotada<\/strong><\/span> (femenino, singular) concuerda con <span style=\"color: #008000;\"><strong>Marina<\/strong><\/span> (femenino, singular)<\/span><\/span><\/span><\/span><\/p>\n<p style=\"text-align: justify;\"><span style=\"font-family: 'Century Gothic';\"><span style=\"font-size: medium;\"><span style=\"color: #339966;\"><span style=\"color: #000000;\">Recordemos <a href=\"http:\/\/www.kalipedia.com\/lengua-castellana\/tema\/morfologia\/concordancia.html?x=20070417klplyllec_160.Kes&amp;ap=3\" target=\"_blank\">aqu\u00ed <strong><span style=\"color: #0000ff;\">qu\u00e9 es la concordancia<\/span><\/strong><\/a>.<\/span><\/span><\/span><\/span><\/p>\n<p style=\"text-align: justify; padding-left: 30px;\"><span style=\"font-family: 'Century Gothic', 'Times New Roman', 'Bitstream Charter', Times, serif; color: #008000;\"><span style=\"font-size: small;\"><strong><br \/>\n<\/strong><\/span><\/span><\/p>\n<p style=\"text-align: justify; padding-left: 30px;\"><span style=\"color: #008000;\"><span style=\"font-family: 'Century Gothic';\"><span style=\"font-size: medium;\"><span style=\"color: #008000;\"><strong>Por su grado:<\/strong><\/span><\/span><\/span><\/span><\/p>\n<p style=\"text-align: justify;\"><span style=\"color: #008000;\"><span style=\"font-family: 'Century Gothic';\"><span style=\"font-size: medium;\"><span style=\"color: #000000;\">Algunos adjetivos presentan una <\/span><strong><span style=\"color: #008000;\">forma especial<\/span><\/strong><span style=\"color: #000000;\"> para expresar el grado:<\/span><\/span><\/span><\/span><\/p>\n<p><!-- google_ad_section_end() --> <!-- Inicio Tabla Com\u00ef\u00bf\u00bdn --> <!-- Inicio Tabla Com\u00ef\u00bf\u00bdn --><\/p>\n<div>\n<div style=\"text-align: center;\">\n<p><!-- google_ad_section_start() --><\/p>\n<table style=\"height: 203px;\" width=\"640\">\n<colgroup>\n<col span=\"1\" \/> <\/colgroup>\n<tbody>\n<tr>\n<th>\n<p style=\"text-align: justify;\"><span style=\"color: #008000;\"><span style=\"font-family: 'Century Gothic';\"><span style=\"font-size: medium;\"><span style=\"color: #ffffff;\">Grado positivo<\/span><\/span><\/span><\/span><\/p>\n<\/th>\n<th>\n<p style=\"text-align: center;\"><span style=\"color: #008000;\"><span style=\"font-family: 'Century Gothic';\"><span style=\"font-size: medium;\"><span style=\"color: #ffffff;\">Grado comparativo<\/span><\/span><\/span><\/span><\/p>\n<\/th>\n<th>\n<p style=\"text-align: center;\"><span style=\"color: #008000;\"><span style=\"font-family: 'Century Gothic';\"><span style=\"font-size: medium;\"><span style=\"color: #ffffff;\">Grado superlativo<\/span><\/span><\/span><\/span><\/p>\n<\/th>\n<\/tr>\n<tr>\n<td>\n<p style=\"text-align: justify;\"><span style=\"color: #008000;\"><span style=\"font-family: 'Century Gothic';\"><span style=\"font-size: medium;\"><strong>peque\u00f1o<\/strong><\/span><\/span><\/span><\/p>\n<\/td>\n<td>\n<p style=\"text-align: justify;\"><span style=\"color: #008000;\"><span style=\"font-family: 'Century Gothic';\"><span style=\"font-size: medium;\"><strong>menor<\/strong><\/span><\/span><\/span><\/p>\n<\/td>\n<td>\n<p style=\"text-align: justify;\"><span style=\"color: #008000;\"><span style=\"font-family: 'Century Gothic';\"><span style=\"font-size: medium;\">muy peque\u00f1o peque\u00f1\u00edsimo <strong>m\u00ednimo<\/strong><\/span><\/span><\/span><\/p>\n<\/td>\n<\/tr>\n<tr>\n<td>\n<p style=\"text-align: justify;\"><span style=\"color: #008000;\"><span style=\"font-family: 'Century Gothic';\"><span style=\"font-size: medium;\"><strong>grande<\/strong><\/span><\/span><\/span><\/p>\n<\/td>\n<td>\n<p style=\"text-align: justify;\"><span style=\"color: #008000;\"><span style=\"font-family: 'Century Gothic';\"><span style=\"font-size: medium;\"><strong>mayor<\/strong><\/span><\/span><\/span><\/p>\n<\/td>\n<td>\n<p style=\"text-align: justify;\"><span style=\"color: #008000;\"><span style=\"font-family: 'Century Gothic';\"><span style=\"font-size: medium;\">muy grande grand\u00edsimo <strong>m\u00e1ximo<\/strong><\/span><\/span><\/span><\/p>\n<\/td>\n<\/tr>\n<tr>\n<td>\n<p style=\"text-align: justify;\"><span style=\"color: #008000;\"><span style=\"font-family: 'Century Gothic';\"><span style=\"font-size: medium;\"><strong>bueno<\/strong><\/span><\/span><\/span><\/p>\n<\/td>\n<td>\n<p style=\"text-align: justify;\"><span style=\"color: #008000;\"><span style=\"font-family: 'Century Gothic';\"><span style=\"font-size: medium;\"><strong>mejor<\/strong><\/span><\/span><\/span><\/p>\n<\/td>\n<td>\n<p style=\"text-align: justify;\"><span style=\"color: #008000;\"><span style=\"font-family: 'Century Gothic';\"><span style=\"font-size: medium;\">muy bueno buen\u00edsimo <strong>\u00f3ptimo<\/strong><\/span><\/span><\/span><\/p>\n<\/td>\n<\/tr>\n<tr>\n<td>\n<p style=\"text-align: justify;\"><span style=\"color: #008000;\"><span style=\"font-family: 'Century Gothic';\"><span style=\"font-size: medium;\"><strong>malo<\/strong><\/span><\/span><\/span><\/p>\n<\/td>\n<td>\n<p style=\"text-align: justify;\"><span style=\"color: #008000;\"><span style=\"font-family: 'Century Gothic';\"><span style=\"font-size: medium;\"><strong>peor<\/strong><\/span><\/span><\/span><\/p>\n<\/td>\n<td>\n<p style=\"text-align: justify;\"><span style=\"color: #008000;\"><span style=\"font-family: 'Century Gothic';\"><span style=\"font-size: medium;\">muy malo mal\u00edsimo <strong>p\u00e9simo<\/strong><\/span><\/span><\/span><\/p>\n<\/td>\n<\/tr>\n<\/tbody>\n<\/table>\n<p><!-- google_ad_section_end() --><\/p>\n<\/div>\n<\/div>\n<p><!-- Fin Tabla Com\u00ef\u00bf\u00bdn  --> <!-- Fin Tabla Com\u00ef\u00bf\u00bdn  --> <!-- google_ad_section_start() --><\/p>\n<p style=\"text-align: justify;\"><span style=\"color: #008000;\"><span style=\"font-family: 'Century Gothic';\"><span style=\"font-size: medium;\"><span style=\"color: #000000;\">Estas formas cultas en grado superlativo apenas se usan fuera de la lengua escrita. Algunas conviven con las construidas mediante el sufijo <\/span><em><span style=\"color: #008000;\"><strong>-\u00edsimo<\/strong><\/span><\/em><span style=\"color: #008000;\"><strong>.<\/strong><\/span><\/span><\/span><\/span><\/p>\n<p><!-- google_ad_section_end() --> <!-- Inicio Tabla Com\u00ef\u00bf\u00bdn --> <!-- Inicio Tabla Com\u00ef\u00bf\u00bdn --><\/p>\n<div>\n<div>\n<p><!-- google_ad_section_start() --><\/p>\n<table>\n<colgroup>\n<col span=\"1\" \/> <\/colgroup>\n<tbody>\n<tr>\n<th>\n<p style=\"text-align: justify;\"><span style=\"color: #008000;\"><span style=\"font-family: 'Century Gothic';\"><span style=\"font-size: medium;\"><span style=\"color: #ffffff;\">Adjetivo en grado positivo<\/span><\/span><\/span><\/span><\/p>\n<\/th>\n<th>\n<p style=\"text-align: justify;\"><span style=\"color: #008000;\"><span style=\"font-family: 'Century Gothic';\"><span style=\"font-size: medium;\"><span style=\"color: #ffffff;\">Superlativo culto<\/span><\/span><\/span><\/span><\/p>\n<\/th>\n<th>\n<p style=\"text-align: justify;\"><span style=\"color: #008000;\"><span style=\"font-family: 'Century Gothic';\"><span style=\"font-size: medium;\"><span style=\"color: #ffffff;\">Superlativo de uso m\u00e1s frecuente<\/span><\/span><\/span><\/span><\/p>\n<\/th>\n<\/tr>\n<tr>\n<td>\n<p style=\"text-align: center;\"><span style=\"color: #008000;\"><span style=\"font-family: 'Century Gothic';\"><span style=\"font-size: medium;\">\u00e1spero<\/span><\/span><\/span><\/p>\n<\/td>\n<td>\n<p style=\"text-align: center;\"><span style=\"color: #008000;\"><span style=\"font-family: 'Century Gothic';\"><span style=\"font-size: medium;\">asp\u00e9rrimo<\/span><\/span><\/span><\/p>\n<\/td>\n<td>\n<p style=\"text-align: center;\"><span style=\"color: #008000;\"><span style=\"font-family: 'Century Gothic';\"><span style=\"font-size: medium;\">asper\u00edsimo<\/span><\/span><\/span><\/p>\n<\/td>\n<\/tr>\n<tr>\n<td>\n<p style=\"text-align: center;\"><span style=\"color: #008000;\"><span style=\"font-family: 'Century Gothic';\"><span style=\"font-size: medium;\">bueno<\/span><\/span><\/span><\/p>\n<\/td>\n<td>\n<p style=\"text-align: center;\"><span style=\"color: #008000;\"><span style=\"font-family: 'Century Gothic';\"><span style=\"font-size: medium;\">bon\u00edsimo<\/span><\/span><\/span><\/p>\n<\/td>\n<td>\n<p style=\"text-align: center;\"><span style=\"color: #008000;\"><span style=\"font-family: 'Century Gothic';\"><span style=\"font-size: medium;\">buen\u00edsimo<\/span><\/span><\/span><\/p>\n<\/td>\n<\/tr>\n<tr>\n<td>\n<p style=\"text-align: center;\"><span style=\"color: #008000;\"><span style=\"font-family: 'Century Gothic';\"><span style=\"font-size: medium;\">cruel<\/span><\/span><\/span><\/p>\n<\/td>\n<td>\n<p style=\"text-align: center;\"><span style=\"color: #008000;\"><span style=\"font-family: 'Century Gothic';\"><span style=\"font-size: medium;\">crudel\u00edsimo<\/span><\/span><\/span><\/p>\n<\/td>\n<td>\n<p style=\"text-align: center;\"><span style=\"color: #008000;\"><span style=\"font-family: 'Century Gothic';\"><span style=\"font-size: medium;\">cruel\u00edsimo<\/span><\/span><\/span><\/p>\n<\/td>\n<\/tr>\n<tr>\n<td>\n<p style=\"text-align: center;\"><span style=\"color: #008000;\"><span style=\"font-family: 'Century Gothic';\"><span style=\"font-size: medium;\">fr\u00edo<\/span><\/span><\/span><\/p>\n<\/td>\n<td>\n<p style=\"text-align: center;\"><span style=\"color: #008000;\"><span style=\"font-family: 'Century Gothic';\"><span style=\"font-size: medium;\">frigid\u00edsimo<\/span><\/span><\/span><\/p>\n<\/td>\n<td>\n<p style=\"text-align: center;\"><span style=\"color: #008000;\"><span style=\"font-family: 'Century Gothic';\"><span style=\"font-size: medium;\">fri\u00edsimo<\/span><\/span><\/span><\/p>\n<\/td>\n<\/tr>\n<tr>\n<td>\n<p style=\"text-align: center;\"><span style=\"color: #008000;\"><span style=\"font-family: 'Century Gothic';\"><span style=\"font-size: medium;\">fuerte<\/span><\/span><\/span><\/p>\n<\/td>\n<td>\n<p style=\"text-align: center;\"><span style=\"color: #008000;\"><span style=\"font-family: 'Century Gothic';\"><span style=\"font-size: medium;\">fort\u00edsimo<\/span><\/span><\/span><\/p>\n<\/td>\n<td>\n<p style=\"text-align: center;\"><span style=\"color: #008000;\"><span style=\"font-family: 'Century Gothic';\"><span style=\"font-size: medium;\">fuert\u00edsimo<\/span><\/span><\/span><\/p>\n<\/td>\n<\/tr>\n<tr>\n<td>\n<p style=\"text-align: center;\"><span style=\"color: #008000;\"><span style=\"font-family: 'Century Gothic';\"><span style=\"font-size: medium;\">\u00edntegro<\/span><\/span><\/span><\/p>\n<\/td>\n<td>\n<p style=\"text-align: center;\"><span style=\"color: #008000;\"><span style=\"font-family: 'Century Gothic';\"><span style=\"font-size: medium;\">\u00edinteg\u00e9rrimo<\/span><\/span><\/span><\/p>\n<\/td>\n<td>\n<p style=\"text-align: center;\"><span style=\"color: #008000;\"><span style=\"font-family: 'Century Gothic';\"><span style=\"font-size: medium;\">\u00edintegr\u00edsimo<\/span><\/span><\/span><\/p>\n<\/td>\n<\/tr>\n<tr>\n<td>\n<p style=\"text-align: center;\"><span style=\"color: #008000;\"><span style=\"font-family: 'Century Gothic';\"><span style=\"font-size: medium;\">libre<\/span><\/span><\/span><\/p>\n<\/td>\n<td>\n<p style=\"text-align: center;\"><span style=\"color: #008000;\"><span style=\"font-family: 'Century Gothic';\"><span style=\"font-size: medium;\">lib\u00e9rrimo muy<\/span><\/span><\/span><\/p>\n<\/td>\n<td>\n<p style=\"text-align: center;\"><span style=\"color: #008000;\"><span style=\"font-family: 'Century Gothic';\"><span style=\"font-size: medium;\">libre<\/span><\/span><\/span><\/p>\n<\/td>\n<\/tr>\n<tr>\n<td>\n<p style=\"text-align: center;\"><span style=\"color: #008000;\"><span style=\"font-family: 'Century Gothic';\"><span style=\"font-size: medium;\">negro<\/span><\/span><\/span><\/p>\n<\/td>\n<td>\n<p style=\"text-align: center;\"><span style=\"color: #008000;\"><span style=\"font-family: 'Century Gothic';\"><span style=\"font-size: medium;\">nig\u00e9rrimo<\/span><\/span><\/span><\/p>\n<\/td>\n<td>\n<p style=\"text-align: center;\"><span style=\"color: #008000;\"><span style=\"font-family: 'Century Gothic';\"><span style=\"font-size: medium;\">negr\u00edsimo<\/span><\/span><\/span><\/p>\n<\/td>\n<\/tr>\n<tr>\n<td>\n<p style=\"text-align: center;\"><span style=\"color: #008000;\"><span style=\"font-family: 'Century Gothic';\"><span style=\"font-size: medium;\">pobre<\/span><\/span><\/span><\/p>\n<\/td>\n<td>\n<p style=\"text-align: center;\"><span style=\"color: #008000;\"><span style=\"font-family: 'Century Gothic';\"><span style=\"font-size: medium;\">paup\u00e9rrimo<\/span><\/span><\/span><\/p>\n<\/td>\n<td>\n<p style=\"text-align: center;\"><span style=\"color: #008000;\"><span style=\"font-family: 'Century Gothic';\"><span style=\"font-size: medium;\">pobr\u00edsimo<\/span><\/span><\/span><\/p>\n<\/td>\n<\/tr>\n<tr>\n<td>\n<p style=\"text-align: center;\"><span style=\"color: #008000;\"><span style=\"font-family: 'Century Gothic';\"><span style=\"font-size: medium;\">pulcro<\/span><\/span><\/span><\/p>\n<\/td>\n<td>\n<p style=\"text-align: center;\"><span style=\"color: #008000;\"><span style=\"font-family: 'Century Gothic';\"><span style=\"font-size: medium;\">pulqu\u00e9rrimo<\/span><\/span><\/span><\/p>\n<\/td>\n<td>\n<p style=\"text-align: center;\"><span style=\"color: #008000;\"><span style=\"font-family: 'Century Gothic';\"><span style=\"font-size: medium;\">pulcr\u00edsimo<\/span><\/span><\/span><\/p>\n<\/td>\n<\/tr>\n<tr>\n<td>\n<p style=\"text-align: center;\"><span style=\"color: #008000;\"><span style=\"font-family: 'Century Gothic';\"><span style=\"font-size: medium;\">sabio<\/span><\/span><\/span><\/p>\n<\/td>\n<td>\n<p style=\"text-align: center;\"><span style=\"color: #008000;\"><span style=\"font-family: 'Century Gothic';\"><span style=\"font-size: medium;\">sapient\u00edsimo<\/span><\/span><\/span><\/p>\n<\/td>\n<td>\n<p style=\"text-align: center;\"><span style=\"color: #008000;\"><span style=\"font-family: 'Century Gothic';\"><span style=\"font-size: medium;\">muy sabio<\/span><\/span><\/span><\/p>\n<\/td>\n<\/tr>\n<tr>\n<td>\n<p style=\"text-align: center;\"><span style=\"color: #008000;\"><span style=\"font-family: 'Century Gothic';\"><span style=\"font-size: medium;\">tierno<\/span><\/span><\/span><\/p>\n<\/td>\n<td>\n<p style=\"text-align: center;\"><span style=\"color: #008000;\"><span style=\"font-family: 'Century Gothic';\"><span style=\"font-size: medium;\">tern\u00edsimo<\/span><\/span><\/span><\/p>\n<\/td>\n<td>\n<p style=\"text-align: center;\"><span style=\"color: #008000;\"><span style=\"font-family: 'Century Gothic';\"><span style=\"font-size: medium;\">tiern\u00edsimo<\/span><\/span><\/span><\/p>\n<\/td>\n<\/tr>\n<\/tbody>\n<\/table>\n<\/div>\n<\/div>\n<p style=\"text-align: justify;\"><span style=\"color: #008000;\"><span style=\"font-family: 'Century Gothic';\"><span style=\"font-size: medium;\"><strong>Los adjetivos sint\u00e9ticos.<\/strong> <span style=\"color: #000000;\">Los adjetivos <\/span><em><span style=\"color: #000000;\">bueno, malo, grande<\/span><\/em><span style=\"color: #000000;\"> y <\/span><em><span style=\"color: #000000;\">peque\u00f1o<\/span><\/em><span style=\"color: #000000;\"> tienen comparativos de superioridad y superlativos especiales, distintos de los que se forman con los procedimientos mencionados.<\/span><\/span><\/span><\/span><\/p>\n<p><!-- google_ad_section_end() --> <!-- Inicio Tabla Com\u00ef\u00bf\u00bdn --> <!-- Inicio Tabla Com\u00ef\u00bf\u00bdn --><\/p>\n<div>\n<div>\n<p><!-- google_ad_section_start() --><\/p>\n<table>\n<colgroup>\n<col span=\"1\" \/> <\/colgroup>\n<tbody>\n<tr>\n<th>Grado positivo<\/th>\n<th>Grado comparativo<\/th>\n<th>Grado superlativo<\/th>\n<\/tr>\n<tr>\n<td><strong><span style=\"color: #008000;\">peque\u00f1o<\/span><\/strong><\/td>\n<td><strong><span style=\"color: #008000;\">menor<\/span><\/strong><\/td>\n<td><span style=\"color: #008000;\">muy peque\u00f1o peque\u00f1\u00edsimo <\/span><strong><span style=\"color: #008000;\">m\u00ednimo<\/span><\/strong><\/td>\n<\/tr>\n<tr>\n<td><strong><span style=\"color: #008000;\">grande<\/span><\/strong><\/td>\n<td><strong><span style=\"color: #008000;\">mayor<\/span><\/strong><\/td>\n<td><span style=\"color: #008000;\">muy grande grand\u00edsimo <\/span><strong><span style=\"color: #008000;\">m\u00e1ximo<\/span><\/strong><\/td>\n<\/tr>\n<tr>\n<td><strong><span style=\"color: #008000;\">bueno<\/span><\/strong><\/td>\n<td><strong><span style=\"color: #008000;\">mejor<\/span><\/strong><\/td>\n<td><span style=\"color: #008000;\">muy bueno buen\u00edsimo <\/span><strong><span style=\"color: #008000;\">\u00f3ptimo<\/span><\/strong><\/td>\n<\/tr>\n<tr>\n<td><strong><span style=\"color: #008000;\">malo<\/span><\/strong><\/td>\n<td><strong><span style=\"color: #008000;\">peor<\/span><\/strong><\/td>\n<td><span style=\"color: #008000;\">muy malo mal\u00edsimo <\/span><strong><span style=\"color: #008000;\">p\u00e9simo<\/span><\/strong><\/td>\n<\/tr>\n<\/tbody>\n<\/table>\n<\/div>\n<\/div>\n<p style=\"text-align: justify; padding-left: 30px;\"><strong><img loading=\"lazy\" alt=\"\" src=\"http:\/\/aulambra.lineadecodigo.com\/wp-content\/uploads\/2009\/04\/pdf.png\" width=\"45\" height=\"45\" align=\"absmiddle\" \/> <\/strong><span style=\"color: #008000;\"><span style=\"font-family: 'Century Gothic';\"><span style=\"font-size: x-large;\"><strong>EJERCICIOS IMPRIMIBLES<\/strong><\/span><\/span><\/span><\/p>\n<p style=\"text-align: justify; padding-left: 60px;\"><strong><img loading=\"lazy\" alt=\"\" src=\"http:\/\/aulambra.lineadecodigo.com\/wp-content\/uploads\/2009\/04\/pdf.png\" width=\"35\" height=\"35\" align=\"absmiddle\" \/><\/strong><span style=\"color: #3366ff;\"><a href=\"http:\/\/www.apuntesdelengua.com\/archivos\/morfologia\/adjetivo\/ejercicios01.pdf\" target=\"_blank\"><span style=\"font-family: 'Century Gothic';\"><span style=\"font-size: medium;\"><strong>Ficha 1 para repasar las clases y grados del adjetivo.<\/strong><\/span><\/span><\/a><\/span><\/p>\n<p style=\"text-align: justify; padding-left: 60px;\"><strong><img loading=\"lazy\" alt=\"\" src=\"http:\/\/aulambra.lineadecodigo.com\/wp-content\/uploads\/2009\/04\/pdf.png\" width=\"35\" height=\"35\" align=\"absmiddle\" \/><\/strong><span style=\"color: #008000;\"><span style=\"font-family: 'Century Gothic';\"><span style=\"font-size: medium;\"><strong><a href=\"http:\/\/www.apuntesdelengua.com\/archivos\/morfologia\/adjetivo\/ejercicios02.pdf\" target=\"_blank\">Ficha 2 para repasar las clases y grados del adjetivo<\/a>.<br \/>\n<\/strong><\/span><\/span><\/span><\/p>\n<p style=\"text-align: justify; padding-left: 30px;\"><img loading=\"lazy\" alt=\"\" src=\"http:\/\/www.fotosearch.com\/bthumb\/UNC\/UNC226\/u12698109.jpg\" width=\"45\" height=\"45\" align=\"absmiddle\" \/> <span style=\"color: #008000;\"><span style=\"font-family: 'Century Gothic';\"><span style=\"font-size: x-large;\"><strong>EJERCICIOS INTERACTIVOS<br \/>\n<\/strong><\/span><\/span><\/span><\/p>\n<p style=\"text-align: justify; padding-left: 60px;\"><span style=\"font-family: 'Century Gothic';\"><span style=\"font-size: medium;\"><span style=\"color: #339966;\"><strong><img loading=\"lazy\" alt=\"\" src=\"http:\/\/www.fotosearch.com\/bthumb\/UNC\/UNC226\/u12698109.jpg\" width=\"35\" height=\"35\" align=\"absmiddle\" \/> Ejercicios Hot Potatoes (apuntesdelengua.com &#8211; ejercicios propios) <\/strong><\/span><span style=\"color: #339966;\"><strong><img loading=\"lazy\" style=\"border: 0px initial initial;\" title=\"hotpotatoes\" alt=\"hotpotatoes\" src=\"http:\/\/www.apuntesdelengua.com\/blog\/wp-content\/uploads\/2008\/10\/icono-hotpotatoes.jpg\" width=\"29\" height=\"30\" \/><\/strong><\/span><\/span><\/span><\/p>\n<p>&nbsp;<\/p>\n<p style=\"text-align: justify; padding-left: 120px;\"><span style=\"color: #008000;\"><span style=\"font-family: 'Century Gothic';\"><span style=\"font-size: medium;\"><a href=\"http:\/\/www.apuntesdelengua.com\/archivos\/morfologia\/adjetivo\/index.htm\" target=\"_blank\">Ejercicios para identificar los distintos tipos de adjetivos &#8211; <strong>15 ejercicios<\/strong><\/a><\/span><\/span><\/span><\/p>\n<p style=\"text-align: justify; padding-left: 120px;\"><span style=\"color: #008000;\"><span style=\"font-family: 'Century Gothic';\"><span style=\"font-size: medium;\"><a href=\"http:\/\/www.apuntesdelengua.com\/archivos\/morfologia\/adjetivo\/adjetivoliterario\/index.htm\" target=\"_blank\">Ejercicios para identificar adjetivos en textos literarios &#8211; <strong>4 ejercicios<\/strong><\/a><\/span><\/span><\/span><\/p>\n<p style=\"text-align: justify; padding-left: 60px;\"><span style=\"color: #008000;\"><span style=\"font-family: 'Century Gothic';\"><span style=\"font-size: medium;\"><img loading=\"lazy\" alt=\"\" src=\"http:\/\/www.fotosearch.com\/bthumb\/UNC\/UNC226\/u12698109.jpg\" width=\"35\" height=\"35\" align=\"absmiddle\" \/><strong> Ejercicios Hot Potatoes (Lourdes Albarr\u00e1n) <\/strong><img loading=\"lazy\" title=\"hotpotatoes\" alt=\"hotpotatoes\" src=\"http:\/\/www.apuntesdelengua.com\/blog\/wp-content\/uploads\/2008\/10\/icono-hotpotatoes.jpg\" width=\"29\" height=\"30\" \/><\/span><\/span><\/span><\/p>\n<p style=\"text-align: justify; padding-left: 120px;\"><span style=\"color: #008000;\"><span style=\"font-family: 'Century Gothic';\"><span style=\"font-size: medium;\"><a href=\"http:\/\/www.sierradesanpedro.org\/lenguaylit\/ejer_adjetivo\/teoradj..htm\">Ejercicios de teor\u00eda de los adjetivos<\/a><\/span><\/span><\/span><\/p>\n<p style=\"text-align: justify; padding-left: 120px;\"><span style=\"color: #008000;\"><span style=\"font-family: 'Century Gothic';\"><span style=\"font-size: medium;\"><a href=\"http:\/\/www.sierradesanpedro.org\/lenguaylit\/ejer_adjetivo\/sust.yadj..htm\">Ejercicios para distinguir entre sustantivos y adjetivos<\/a><\/span><\/span><\/span><\/p>\n<p style=\"text-align: justify; padding-left: 120px;\"><span style=\"color: #008000;\"><span style=\"font-family: 'Century Gothic';\"><span style=\"font-size: medium;\"><a href=\"http:\/\/www.sierradesanpedro.org\/lenguaylit\/ejer_adjetivo\/terminac..htm\">Ejercicios para distinguir entre adjetivos de una y dos terminaciones<\/a><\/span><\/span><\/span><\/p>\n<p style=\"text-align: justify; padding-left: 120px;\"><span style=\"color: #008000;\"><span style=\"font-family: 'Century Gothic';\"><span style=\"font-size: medium;\"><a href=\"http:\/\/www.sierradesanpedro.org\/lenguaylit\/ejer_adjetivo\/Tiposadjet..htm\" target=\"_blank\">Adjetivo calificativo y adjetivo determinativo<\/a><\/span><\/span><\/span><\/p>\n<p style=\"text-align: justify; padding-left: 120px;\"><span style=\"color: #008000;\"><span style=\"font-family: 'Century Gothic';\"><span style=\"font-size: medium;\"><a href=\"http:\/\/www.sierradesanpedro.org\/lenguaylit\/ejer_adjetivo\/pronombres0.htm\" target=\"_blank\">Diferenciar entre pronombres y adjetivos<\/a><\/span><\/span><\/span><\/p>\n<p style=\"text-align: justify; padding-left: 120px;\"><span style=\"color: #008000;\"><span style=\"font-family: 'Century Gothic';\"><span style=\"font-size: medium;\"><a href=\"http:\/\/www.sierradesanpedro.org\/lenguaylit\/ejer_adjetivo\/Grados.htm\" target=\"_blank\">Grados del adjetivo <strong>(4 ejercicios)<\/strong><\/a><\/span><\/span><\/span><\/p>\n<p style=\"text-align: justify;\"><span style=\"color: #008000;\"><span style=\"font-family: 'Century Gothic';\"><span style=\"font-size: medium;\"><br \/>\n<\/span><\/span><\/span><\/p>\n<p style=\"text-align: justify; padding-left: 60px;\"><span style=\"font-family: 'Century Gothic';\"><span style=\"font-size: medium;\"><img loading=\"lazy\" alt=\"\" src=\"http:\/\/www.fotosearch.com\/bthumb\/UNC\/UNC226\/u12698109.jpg\" width=\"35\" height=\"35\" align=\"absmiddle\" \/> <a href=\"http:\/\/www.juntadeandalucia.es\/averroes\/colegiovirgendetiscar\/profes\/trabajos\/palabras\/adjetivos1.html\" target=\"_blank\">Presentaci\u00f3n multimedia sobre los adjetivos a cargo de <strong>Jos\u00e9 A. del Olmo (Proyecto Averroes)<\/strong><\/a><br \/>\n<strong><img loading=\"lazy\" alt=\"\" src=\"http:\/\/aulambra.lineadecodigo.com\/wp-content\/uploads\/2009\/04\/pdf.png\" width=\"35\" height=\"35\" align=\"absmiddle\" \/> <\/strong><a href=\"http:\/\/www.lazarillo.info\/pdf\/0907\/esquemaadjetivo_pilarnicolau.pdf\" target=\"_blank\">Mapa conceptual de la clasificaci\u00f3n del adjetivo <strong>(Pilar Nicolau)<\/strong><\/a><\/span><\/span><\/p>\n","protected":false},"excerpt":{"rendered":"<p>Definici\u00f3n Los adjetivos son palabras que pueden acompa\u00f1ar al sustantivo y destacan una propiedad de lo expresado por el sustantivo o limitan su extensi\u00f3n: carb\u00f3n vegetal, mi tel\u00e9fono. Entre los adjetivos se pueden distinguir dos clases muy diferentes: Los calificativos, que expresan propiedades o circunstancias de los seres u objetos nombrados por un sustantivo: d\u00eda<\/p>\n","protected":false},"author":1,"featured_media":0,"parent":1434,"menu_order":2,"comment_status":"open","ping_status":"open","template":"","meta":{"_monsterinsights_skip_tracking":false,"_monsterinsights_sitenote_active":false,"_monsterinsights_sitenote_note":"","_monsterinsights_sitenote_category":0},"aioseo_notices":[],"_links":{"self":[{"href":"http:\/\/www.apuntesdelengua.com\/blog\/wp-json\/wp\/v2\/pages\/1486"}],"collection":[{"href":"http:\/\/www.apuntesdelengua.com\/blog\/wp-json\/wp\/v2\/pages"}],"about":[{"href":"http:\/\/www.apuntesdelengua.com\/blog\/wp-json\/wp\/v2\/types\/page"}],"author":[{"embeddable":true,"href":"http:\/\/www.apuntesdelengua.com\/blog\/wp-json\/wp\/v2\/users\/1"}],"replies":[{"embeddable":true,"href":"http:\/\/www.apuntesdelengua.com\/blog\/wp-json\/wp\/v2\/comments?post=1486"}],"version-history":[{"count":30,"href":"http:\/\/www.apuntesdelengua.com\/blog\/wp-json\/wp\/v2\/pages\/1486\/revisions"}],"predecessor-version":[{"id":6167,"href":"http:\/\/www.apuntesdelengua.com\/blog\/wp-json\/wp\/v2\/pages\/1486\/revisions\/6167"}],"up":[{"embeddable":true,"href":"http:\/\/www.apuntesdelengua.com\/blog\/wp-json\/wp\/v2\/pages\/1434"}],"wp:attachment":[{"href":"http:\/\/www.apuntesdelengua.com\/blog\/wp-json\/wp\/v2\/media?parent=1486"}],"curies":[{"name":"wp","href":"https:\/\/api.w.org\/{rel}","templated":true}]}}