{"id":2863,"date":"2010-07-05T12:04:40","date_gmt":"2010-07-05T11:04:40","guid":{"rendered":"http:\/\/www.apuntesdelengua.com\/blog\/?page_id=2863"},"modified":"2010-08-04T23:48:07","modified_gmt":"2010-08-04T22:48:07","slug":"siglo-xviii-neoclasicismo","status":"publish","type":"page","link":"http:\/\/www.apuntesdelengua.com\/blog\/cursos\/4%c2%ba-eso\/siglo-xviii-neoclasicismo\/","title":{"rendered":"Siglo XVIII: Neoclasicismo"},"content":{"rendered":"<p style=\"text-align: justify;\"><span style=\"font-family: 'Century Gothic';\"><span style=\"font-size: medium;\"><br \/>\n<\/span><\/span><strong><span style=\"text-decoration: underline;\"><img loading=\"lazy\" src=\"http:\/\/www.fotosearch.com\/bthumb\/CSP\/CSP258\/k2580374.jpg\" alt=\"\" width=\"45\" height=\"35\" align=\"absmiddle\" \/><\/span><\/strong><span style=\"font-family: 'Century Gothic';\"><span style=\"font-size: medium;\"><strong><span style=\"color: #008000;\">CARACTER\u00cdSTICAS GENERALES DEL SIGLO XVIII<\/span><\/strong><br \/>\nEl siglo XVIII es el p\u00f3rtico de la Edad Contempor\u00e1nea, ya que todos los principios y valores del Antiguo R\u00e9gimen son sometidos a discusi\u00f3n y se producen cambios importantes. Es conocido como el Siglo de las Luces por la importancia que se le da a la raz\u00f3n en el proceso de conocimiento de la realidad. Entonces surge en Francia una nueva corriente filos\u00f3fica conocida como Racionalismo.<br \/>\nLos rasgos propios de esta \u00e9poca son:<\/span><\/span><\/p>\n<p style=\"text-align: justify; padding-left: 60px;\"><span style=\"font-family: 'Century Gothic';\"> <\/span><strong><em><img loading=\"lazy\" src=\"http:\/\/www.fotosearch.com\/bthumb\/CSP\/CSP067\/k0670541.jpg\" alt=\"\" width=\"21\" height=\"21\" align=\"absmiddle\" \/><\/em><\/strong><span style=\"font-family: 'Century Gothic';\"><span style=\"font-size: medium;\">El sistema pol\u00edtico es el despotismo ilustrado cuyo lema es \u201cTodo para el pueblo pero sin el pueblo\u201d. El gobierno es absoluto y centralista, preocupado por mejorar la situaci\u00f3n del pueblo, pero sin contar con su participaci\u00f3n y siempre impulsado por la luz de la raz\u00f3n. Se produce un auge de la econom\u00eda y el comercio.<br \/>\n<\/span><\/span><strong><em><img loading=\"lazy\" src=\"http:\/\/www.fotosearch.com\/bthumb\/CSP\/CSP067\/k0670541.jpg\" alt=\"\" width=\"21\" height=\"21\" align=\"absmiddle\" \/><\/em><\/strong><span style=\"font-family: 'Century Gothic';\"><span style=\"font-size: medium;\">Los estamentos privilegiados (nobleza y clero) pierden influencia y poder. Los monarcas realizan reformas sociales y educativas para mejorar la situaci\u00f3n del pueblo, aunque no son entendidas por \u00e9ste.<br \/>\n<\/span><\/span><strong><em><img loading=\"lazy\" src=\"http:\/\/www.fotosearch.com\/bthumb\/CSP\/CSP067\/k0670541.jpg\" alt=\"\" width=\"21\" height=\"21\" align=\"absmiddle\" \/><\/em><\/strong><span style=\"font-family: 'Century Gothic';\"><span style=\"font-size: medium;\">El movimiento cultural es la Ilustraci\u00f3n. Se impone el racionalismo y se lucha contra la superstici\u00f3n. Se llevan a cabo importantes avances cient\u00edficos y t\u00e9cnicos. El af\u00e1n de conocimiento lleva a los ilustrados a recopilar todo el saber de las distintas disciplinas en la primera enciclopedia.<\/span><\/span><\/p>\n<p style=\"text-align: center;\">[slideshare id=767197&amp;doc=lengua-castellana-y-literatura-del-siglo-xviii-1227094416392666-9]<\/p>\n<p style=\"text-align: justify;\"><span style=\"font-family: 'Century Gothic';\"><span style=\"font-size: medium;\"><br \/>\n<\/span><\/span><strong><img loading=\"lazy\" src=\"http:\/\/www.fotosearch.com\/bthumb\/CSP\/CSP258\/k2580376.jpg\" alt=\"\" width=\"45\" height=\"35\" align=\"absmiddle\" \/><\/strong><span style=\"font-family: 'Century Gothic';\"><span style=\"font-size: medium;\"><strong><span style=\"color: #008000;\">CARACTER\u00cdSTICAS DE LA LITERATURA<\/span><\/strong><br \/>\nLa tendencia literaria es el Neoclasicismo. Hay una vuelta a los modelos cl\u00e1sicos greco-latinos en todos los g\u00e9neros. En poes\u00eda se busca la belleza arm\u00f3nica y el equilibrio estructural; en el teatro se recupera la regla cl\u00e1sica de las tres unidades, unidad de tiempo, acci\u00f3n y espacio; y en la narrativa se tratan con verosimilitud o esp\u00edritu cr\u00edtico temas de la actualidad.<\/span><\/span><\/p>\n<p style=\"text-align: justify; padding-left: 60px;\"><span style=\"font-family: 'Century Gothic';\"> <\/span><strong><span style=\"color: #0000ff;\"><strong><em><img loading=\"lazy\" src=\"http:\/\/www.fotosearch.com\/bthumb\/CSP\/CSP067\/k0670541.jpg\" alt=\"\" width=\"21\" height=\"21\" align=\"absmiddle\" \/><\/em><\/strong><\/span><\/strong><span style=\"font-family: 'Century Gothic';\"><span style=\"font-size: medium;\"><strong><span style=\"color: #0000ff;\">Prosa\u00edsmo<\/span><\/strong>. Se produce una literatura de ideas o filos\u00f3fica en la que prevalece el pensamiento sobre la imaginaci\u00f3n. El g\u00e9nero predominante es el ensayo.<br \/>\n<\/span><\/span><strong><strong><em><img loading=\"lazy\" src=\"http:\/\/www.fotosearch.com\/bthumb\/CSP\/CSP067\/k0670541.jpg\" alt=\"\" width=\"21\" height=\"21\" align=\"absmiddle\" \/><\/em><\/strong><\/strong><span style=\"font-family: 'Century Gothic';\"><span style=\"font-size: medium;\"><strong><span style=\"color: #0000ff;\">Finalidad did\u00e1ctica<\/span>.<\/strong> Las obras pretenden ense\u00f1ar e instruir a todos los grupos sociales, especialmente al pueblo. Se utiliza sobre todo la f\u00e1bula como veh\u00edculo educativo.<br \/>\n<\/span><\/span><strong><strong><em><img loading=\"lazy\" src=\"http:\/\/www.fotosearch.com\/bthumb\/CSP\/CSP067\/k0670541.jpg\" alt=\"\" width=\"21\" height=\"21\" align=\"absmiddle\" \/><\/em><\/strong><\/strong><span style=\"font-family: 'Century Gothic';\"><span style=\"font-size: medium;\">El <span style=\"color: #0000ff;\"><strong>periodismo<\/strong><\/span> se configura como g\u00e9nero y aparecen los primeros peri\u00f3dicos diarios. Es el nacimiento del periodismo moderno, donde tienen especial cabida los g\u00e9neros de opini\u00f3n.<br \/>\n<\/span><\/span><strong><strong><em><img loading=\"lazy\" src=\"http:\/\/www.fotosearch.com\/bthumb\/CSP\/CSP067\/k0670541.jpg\" alt=\"\" width=\"21\" height=\"21\" align=\"absmiddle\" \/><\/em><\/strong><\/strong><span style=\"font-family: 'Century Gothic';\"><span style=\"font-size: medium;\">El <span style=\"color: #0000ff;\"><strong>estilo<\/strong><\/span> es sobrio y sencillo con escasez de recursos literarios. A\u00fan as\u00ed se intenta ense\u00f1ar deleitando.<\/span><\/span><\/p>\n<p style=\"text-align: center;\">[slideshare id=522252&amp;doc=neo-final-1216653799180229-9]<\/p>\n<p style=\"text-align: center;\">\n<p style=\"text-align: left;\"><span style=\"font-family: 'Century Gothic';\"><span style=\"font-size: medium;\"><br \/>\n<\/span><\/span><strong><img loading=\"lazy\" src=\"http:\/\/www.fotosearch.com\/bthumb\/CSP\/CSP258\/k2580388.jpg\" alt=\"\" width=\"45\" height=\"35\" align=\"absmiddle\" \/><\/strong><span style=\"font-family: 'Century Gothic';\"><span style=\"font-size: medium;\"><strong><span style=\"color: #008000;\">LA PROSA ILUSTRADA: EL ENSAYO<\/span><\/strong><br \/>\nEl ensayo es el g\u00e9nero predilecto del siglo XVIII por ser el m\u00e1s adecuado para la expresi\u00f3n de las ideas ilustradas.<br \/>\nEn este g\u00e9nero destacan tres autores: Feijoo, Gaspar Melchor de Jovellanos y Jos\u00e9 Cadalso.<br \/>\n<\/span><\/span><strong><strong><em><img loading=\"lazy\" src=\"http:\/\/www.fotosearch.com\/bthumb\/CSP\/CSP067\/k0670541.jpg\" alt=\"\" width=\"21\" height=\"21\" align=\"absmiddle\" \/><\/em><\/strong><\/strong><span style=\"font-family: 'Century Gothic';\"><span style=\"font-size: medium;\"><span style=\"color: #0000ff;\"><strong>Benito Jer\u00f3nimo Feijoo<\/strong><\/span><\/span><\/span><\/p>\n<p style=\"text-align: justify; padding-left: 60px;\"><span style=\"font-family: 'Century Gothic';\"><span style=\"font-size: medium;\">Sus ensayos tienen como finalidad educar y formar al pueblo.<\/span><\/span><span style=\"font-family: 'Century Gothic';\"><span style=\"font-size: medium;\"> Su obra fundamental es <em>Teatro cr\u00edtico universal<\/em>. Pretende combatir todas las supersticiones y falsedades de la \u00e9poca con un criterio racional. Veamos un ejemplo:<br \/>\n<\/span><\/span><\/p>\n<blockquote>\n<blockquote><p><em>Entre tantos millares de predicciones determinadas como formaron los astr\u00f3logos de mil y ochocientos a\u00f1os a esta parte, apenas se cuentan veinte o treinta que saliesen verdaderas; lo que muestra que fue casual y no fundado en reglas el acierto.<\/em><\/p><\/blockquote>\n<\/blockquote>\n<p style=\"text-align: justify;\"><strong><strong><em><img loading=\"lazy\" src=\"http:\/\/www.fotosearch.com\/bthumb\/CSP\/CSP067\/k0670541.jpg\" alt=\"\" width=\"21\" height=\"21\" align=\"absmiddle\" \/><\/em><\/strong><\/strong><em> <\/em><span style=\"color: #0000ff;\"><strong><span style=\"font-family: 'Century Gothic';\"><span style=\"font-size: medium;\">Gaspar Melchor de Jovellanos<\/span><\/span><\/strong><\/span><\/p>\n<p style=\"text-align: justify; padding-left: 60px;\"><span style=\"font-family: 'Century Gothic';\"><span style=\"font-size: medium;\">Es el intelectual m\u00e1s importante del reinado de Carlos III.<br \/>\nSu esp\u00edritu ilustrado le llev\u00f3 a impulsar reformas econ\u00f3micas, jur\u00eddicas y educativas para conseguir el progreso y el bienestar social.<br \/>\nEs autor de obras como Memoria sobre los espect\u00e1culos y diversiones p\u00fablicas.<br \/>\n<\/span><\/span><\/p>\n<p style=\"text-align: justify;\"><strong><strong><em><img loading=\"lazy\" src=\"http:\/\/www.fotosearch.com\/bthumb\/CSP\/CSP067\/k0670541.jpg\" alt=\"\" width=\"21\" height=\"21\" align=\"absmiddle\" \/><\/em><\/strong><\/strong><span style=\"color: #0000ff;\"><strong><span style=\"font-family: 'Century Gothic';\"><span style=\"font-size: medium;\">Jos\u00e9 Cadalso<\/span><\/span><\/strong><\/span><\/p>\n<p style=\"text-align: justify; padding-left: 60px;\"><span style=\"font-family: 'Century Gothic';\"><span style=\"font-size: medium;\">Es otro de los grandes ilustrados del siglo XVIII.<br \/>\nDestacan en \u00e9l su gran formaci\u00f3n intelectual y esp\u00edritu cr\u00edtico.<br \/>\nSus obras se centran, sobre todo, en temas sociales y educativos.<br \/>\nObras: Cartas marruecas (conjunto de cartas), Noches l\u00fagubres (di\u00e1logo) y Eruditos a la violeta (poes\u00eda).<br \/>\n<em>Cartas marruecas<\/em> es un conjunto de 90 cartas sobre diversos aspectos de la realidad espa\u00f1ola que se intercambian tres personajes: Gazel, un joven marroqu\u00ed que viaja por Espa\u00f1a, Ben-Beley, su preceptor, y Nu\u00f1o N\u00fa\u00f1ez, un joven espa\u00f1ol que sirve de gu\u00eda a Gazel.<br \/>\nCadalso en esta obra alaba tanto las virtudes de los espa\u00f1oles como censura sus vicios. Tambi\u00e9n critica el atraso cultural del pa\u00eds con respecto al resto de Europa.<\/span><\/span><\/p>\n<p style=\"text-align: center; padding-left: 60px;\">[slideshare id=767197&amp;doc=lengua-castellana-y-literatura-del-siglo-xviii-1227094416392666-9]<\/p>\n<p style=\"text-align: justify;\"><span style=\"font-family: 'Century Gothic';\"><span style=\"font-size: medium;\"><br \/>\n<\/span><\/span><strong><img loading=\"lazy\" src=\"http:\/\/www.fotosearch.com\/bthumb\/CSP\/CSP258\/k2580389.jpg\" alt=\"\" width=\"45\" height=\"35\" align=\"absmiddle\" \/><\/strong><span style=\"font-family: 'Century Gothic';\"><span style=\"font-size: medium;\"><span style=\"color: #008000;\"><strong>LA POES\u00cdA ILUSTRADA<\/strong><\/span><br \/>\nLa poes\u00eda del siglo XVIII tiene el mismo objetivo did\u00e1ctico de educar que el resto de los g\u00e9neros literarios.<br \/>\nEs una poes\u00eda de ideas, filos\u00f3fica y social. Distinguimos dos tendencias: la poes\u00eda social y la f\u00e1bula did\u00e1ctica.<br \/>\n<\/span><\/span><strong><img loading=\"lazy\" src=\"http:\/\/www.fotosearch.com\/bthumb\/CSP\/CSP258\/k2580390.jpg\" alt=\"\" width=\"45\" height=\"35\" align=\"absmiddle\" \/><\/strong><span style=\"font-family: 'Century Gothic';\"><span style=\"font-size: medium;\"><span style=\"color: #008000;\"><strong>EL TEATRO ILUSTRADO<\/strong><\/span><br \/>\nLa tradici\u00f3n del teatro barroco pervive en las primeras d\u00e9cadas del siglo; pero a mediados del siglo se observa un cambio. Los ilustrados inician la reforma del g\u00e9nero dram\u00e1tico para convertirlo en un instrumento educativo. El teatro neocl\u00e1sico tiene su modelo en la corriente cl\u00e1sica grecolatina. Sus rasgos son los siguientes:<\/span><\/span><\/p>\n<p style=\"text-align: justify; padding-left: 60px;\"><span style=\"font-family: 'Century Gothic';\"><span style=\"font-size: medium;\"> <\/span><\/span><strong><strong><em><img loading=\"lazy\" src=\"http:\/\/www.fotosearch.com\/bthumb\/CSP\/CSP067\/k0670541.jpg\" alt=\"\" width=\"21\" height=\"21\" align=\"absmiddle\" \/><\/em><\/strong><\/strong><span style=\"font-family: 'Century Gothic';\"><span style=\"font-size: medium;\">Respeto a las unidades cl\u00e1sicas de acci\u00f3n (una sola acci\u00f3n), lugar (en un solo espacio) y tiempo (la acci\u00f3n pod\u00eda ocupar como mucho veinticuatro horas).<br \/>\n<\/span><\/span><strong><strong><em><img loading=\"lazy\" src=\"http:\/\/www.fotosearch.com\/bthumb\/CSP\/CSP067\/k0670541.jpg\" alt=\"\" width=\"21\" height=\"21\" align=\"absmiddle\" \/><\/em><\/strong><\/strong><span style=\"font-family: 'Century Gothic';\"><span style=\"font-size: medium;\">Finalidad did\u00e1ctica o moral. Se ponen en escena errores sociales para corregirlos.<br \/>\n<\/span><\/span><strong><strong><em><img loading=\"lazy\" src=\"http:\/\/www.fotosearch.com\/bthumb\/CSP\/CSP067\/k0670541.jpg\" alt=\"\" width=\"21\" height=\"21\" align=\"absmiddle\" \/><\/em><\/strong><\/strong><span style=\"font-family: 'Century Gothic';\"><span style=\"font-size: medium;\">Separaci\u00f3n de la prosa y el verso, lo tr\u00e1gico y lo c\u00f3mico.<br \/>\n<\/span><\/span><strong><strong><em><img loading=\"lazy\" src=\"http:\/\/www.fotosearch.com\/bthumb\/CSP\/CSP067\/k0670541.jpg\" alt=\"\" width=\"21\" height=\"21\" align=\"absmiddle\" \/><\/em><\/strong><\/strong><span style=\"font-family: 'Century Gothic';\"><span style=\"font-size: medium;\">Se busca la verosimilitud con asuntos cotidianos.<br \/>\n<\/span><\/span><strong><strong><em><img loading=\"lazy\" src=\"http:\/\/www.fotosearch.com\/bthumb\/CSP\/CSP067\/k0670541.jpg\" alt=\"\" width=\"21\" height=\"21\" align=\"absmiddle\" \/><\/em><\/strong><\/strong><span style=\"font-family: 'Century Gothic';\"><span style=\"font-size: medium;\">Los personajes hablan y act\u00faan de acuerdo  con su condici\u00f3n social y nivel cultural. A esto se le conoce como decoro.<br \/>\n<\/span><\/span><strong><strong><em><img loading=\"lazy\" src=\"http:\/\/www.fotosearch.com\/bthumb\/CSP\/CSP067\/k0670541.jpg\" alt=\"\" width=\"21\" height=\"21\" align=\"absmiddle\" \/><\/em><\/strong><\/strong><span style=\"font-family: 'Century Gothic';\"><span style=\"font-size: medium;\">El autor m\u00e1s representativo es Leandro Fern\u00e1ndez de Morat\u00edn, autor de <em>El s\u00ed de las ni\u00f1as <\/em>y de <em>La comedia nueva o El Caf\u00e9<\/em>.<\/span><\/span><\/p>\n<p style=\"text-align: justify;\"><a href=\"http:\/\/www.educared.net\/universidad\/asp_problemas\/problemasvisualizar.asp?idAsignatura=6&amp;idProblema=842&amp;titulo=El%20s%ED%20de%20las%20ni%F1as.%20Leandro%20Fern%E1ndez%20de%20Morat%EDn\" target=\"_blank\"><img loading=\"lazy\" src=\"http:\/\/www.fotosearch.com\/bthumb\/UNC\/UNC226\/u12698109.jpg\" alt=\"\" width=\"35\" height=\"35\" align=\"absmiddle\" \/><\/a><a href=\"http:\/\/img33.imageshack.us\/i\/45731980.png\/\" target=\"_blank\"> Crucigrama sobre autores neocl\u00e1sicos.<\/a><\/p>\n<p style=\"text-align: justify; padding-left: 60px;\">\n<p style=\"text-align: justify;\"><a href=\"http:\/\/www.educared.net\/universidad\/asp_problemas\/problemasvisualizar.asp?idAsignatura=6&amp;idProblema=842&amp;titulo=El%20s%ED%20de%20las%20ni%F1as.%20Leandro%20Fern%E1ndez%20de%20Morat%EDn\" target=\"_blank\"><img loading=\"lazy\" src=\"http:\/\/www.fotosearch.com\/bthumb\/UNC\/UNC226\/u12698109.jpg\" alt=\"\" width=\"35\" height=\"35\" align=\"absmiddle\" \/><\/a> <span style=\"font-family: 'Century Gothic';\"><span style=\"font-size: medium;\"><a href=\"http:\/\/www.educared.net\/universidad\/asp_problemas\/problemasvisualizar.asp?idAsignatura=6&amp;idProblema=842&amp;titulo=El%20s%ED%20de%20las%20ni%F1as.%20Leandro%20Fern%E1ndez%20de%20Morat%EDn\" target=\"_blank\">Comentario de texto: El s\u00ed de las ni\u00f1as<\/a><\/span><\/span><a id=\"20070418klplyllic_257.Kes\" title=\"El burro flautista\" href=\"http:\/\/ec.kalipedia.com\/ciencias-vida\/tema\/diversidad-vida\/i-burro-flautista-i.html?x1=20070418klplyllic_257.Kes&amp;x=20070418klplyllic_258.Kes\"><em> <\/em><\/a><\/p>\n<p><span style=\"font-family: 'Century Gothic';\"><span style=\"font-size: medium;\"><a id=\"20070418klplyllic_257.Kes\" title=\"El burro flautista\" href=\"http:\/\/ec.kalipedia.com\/ciencias-vida\/tema\/diversidad-vida\/i-burro-flautista-i.html?x1=20070418klplyllic_257.Kes&amp;x=20070418klplyllic_258.Kes\"><em><img loading=\"lazy\" class=\"alignabsmiddle\" src=\"http:\/\/machkids.host56.com\/Images\/imagenes%20google\/icono_lectura.gif\" alt=\"\" width=\"75\" height=\"37\" align=\"absmiddle\" \/>El burro flautista<\/em><\/a><\/span><\/span><\/p>\n<p><a id=\"20070418klplyllic_255.Kes\" title=\"Saber sin estudiar, Nicol\u00e1s Fern\u00e1ndez de Morat\u00edn\" href=\"http:\/\/ec.kalipedia.com\/ciencias-vida\/tema\/diversidad-vida\/i-saber-estudiar-i.html?x1=20070418klplyllic_255.Kes&amp;x=20070418klplyllic_258.Kes\"><em> <\/em><\/a><em><a id=\"20070418klplyllic_257.Kes\" title=\"El burro flautista\" href=\"http:\/\/ec.kalipedia.com\/ciencias-vida\/tema\/diversidad-vida\/i-burro-flautista-i.html?x1=20070418klplyllic_257.Kes&amp;x=20070418klplyllic_258.Kes\"><em><img loading=\"lazy\" src=\"http:\/\/machkids.host56.com\/Images\/imagenes%20google\/icono_lectura.gif\" alt=\"\" width=\"75\" height=\"37\" align=\"absmiddle\" \/><\/em><\/a><\/em><em><span style=\"font-family: 'Century Gothic';\"><span style=\"font-size: medium;\">Saber sin estudiar, <\/span><\/span><\/em><span style=\"font-family: 'Century Gothic';\"><span style=\"font-size: medium;\">Nicol\u00e1s Fern\u00e1ndez de Morat\u00edn<\/span><\/span><\/p>\n","protected":false},"excerpt":{"rendered":"<p>CARACTER\u00cdSTICAS GENERALES DEL SIGLO XVIII El siglo XVIII es el p\u00f3rtico de la Edad Contempor\u00e1nea, ya que todos los principios y valores del Antiguo R\u00e9gimen son sometidos a discusi\u00f3n y se producen cambios importantes. Es conocido como el Siglo de las Luces por la importancia que se le da a la raz\u00f3n en el proceso<\/p>\n","protected":false},"author":1,"featured_media":0,"parent":2870,"menu_order":1,"comment_status":"open","ping_status":"open","template":"onecolumn-page.php","meta":{"_monsterinsights_skip_tracking":false,"_monsterinsights_sitenote_active":false,"_monsterinsights_sitenote_note":"","_monsterinsights_sitenote_category":0},"aioseo_notices":[],"_links":{"self":[{"href":"http:\/\/www.apuntesdelengua.com\/blog\/wp-json\/wp\/v2\/pages\/2863"}],"collection":[{"href":"http:\/\/www.apuntesdelengua.com\/blog\/wp-json\/wp\/v2\/pages"}],"about":[{"href":"http:\/\/www.apuntesdelengua.com\/blog\/wp-json\/wp\/v2\/types\/page"}],"author":[{"embeddable":true,"href":"http:\/\/www.apuntesdelengua.com\/blog\/wp-json\/wp\/v2\/users\/1"}],"replies":[{"embeddable":true,"href":"http:\/\/www.apuntesdelengua.com\/blog\/wp-json\/wp\/v2\/comments?post=2863"}],"version-history":[{"count":13,"href":"http:\/\/www.apuntesdelengua.com\/blog\/wp-json\/wp\/v2\/pages\/2863\/revisions"}],"predecessor-version":[{"id":3811,"href":"http:\/\/www.apuntesdelengua.com\/blog\/wp-json\/wp\/v2\/pages\/2863\/revisions\/3811"}],"up":[{"embeddable":true,"href":"http:\/\/www.apuntesdelengua.com\/blog\/wp-json\/wp\/v2\/pages\/2870"}],"wp:attachment":[{"href":"http:\/\/www.apuntesdelengua.com\/blog\/wp-json\/wp\/v2\/media?parent=2863"}],"curies":[{"name":"wp","href":"https:\/\/api.w.org\/{rel}","templated":true}]}}