{"id":2881,"date":"2010-07-05T19:17:17","date_gmt":"2010-07-05T18:17:17","guid":{"rendered":"http:\/\/www.apuntesdelengua.com\/blog\/?page_id=2881"},"modified":"2010-08-04T23:49:50","modified_gmt":"2010-08-04T22:49:50","slug":"2881-2","status":"publish","type":"page","link":"http:\/\/www.apuntesdelengua.com\/blog\/cursos\/4%c2%ba-eso\/2881-2\/","title":{"rendered":"El Realismo"},"content":{"rendered":"<p style=\"text-align: justify;\"><span style=\"color: #008000;\"><strong><span style=\"text-decoration: underline;\"><img loading=\"lazy\" src=\"http:\/\/www.fotosearch.com\/bthumb\/CSP\/CSP258\/k2580374.jpg\" alt=\"\" width=\"45\" height=\"35\" align=\"absmiddle\" \/><\/span><\/strong><\/span><span style=\"font-family: 'Century Gothic';\"><span style=\"font-size: medium;\"><span style=\"color: #008000;\"><strong>MARCO HIST\u00d3RICO<\/strong><\/span><br \/>\n<\/span><\/span><\/p>\n<p style=\"text-align: justify; padding-left: 60px;\"><span style=\"font-family: 'Century Gothic';\"><span style=\"font-size: medium;\"><span style=\"color: #008000;\">1833-1868:<\/span> Reinado de Isabel II. Alternancia en el gobierno de moderados y progresistas. Guerras carlistas, entre los partidarios de Carlos Mar\u00eda Isidro (hermano de Fernando VII) y los de Isabel II.<br \/>\n<span style=\"color: #008000;\">1868:<\/span> La Gloriosa, revoluci\u00f3n liberal que lleva a Isabel II al exilio.<br \/>\n<span style=\"color: #008000;\">1869-1875: <\/span>Sexenio revolucionario.<br \/>\n<span style=\"color: #008000;\">1871-1873: <\/span>Reinado de Amadeo I de Saboya.<br \/>\n<span style=\"color: #008000;\">1873-1874:<\/span> I Rep\u00fablica.<br \/>\n<span style=\"color: #008000;\">1875-1885:<\/span> Restauraci\u00f3n borb\u00f3nica. Reinado de Alfonso XII. Bipartidismo entre conservadores y liberales.<br \/>\n<span style=\"color: #008000;\">1898: <\/span>P\u00e9rdida de las \u00faltimas colonias de ultramar: Cuba, Puerto Rico y Filipinas.<\/span><\/span><\/p>\n<p style=\"text-align: justify;\"><span style=\"color: #008000;\"><strong><strong><img loading=\"lazy\" src=\"http:\/\/www.fotosearch.com\/bthumb\/CSP\/CSP258\/k2580376.jpg\" alt=\"\" width=\"45\" height=\"35\" align=\"absmiddle\" \/><\/strong><span style=\"font-family: 'Century Gothic';\"><span style=\"font-size: medium;\">MARCO SOCIAL Y CULTURAL<\/span><\/span><\/strong><\/span><\/p>\n<p style=\"text-align: justify;\"><span style=\"font-family: 'Century Gothic';\"><span style=\"font-size: medium;\">En Europa van teniendo gran importancia la industrializaci\u00f3n y los movimientos obreros, asociados a ella. Espa\u00f1a los incorpora lentamente. El poder econ\u00f3mico reside fundamentalmente en la burgues\u00eda, apegada a la realidad del momento (rompe con los ideales del Romanticismo). Crecimiento de la banca, la industria y el comercio. Triunfo de las ideas positivistas, dando importancia a todo lo que procede de la experiencia y la observaci\u00f3n. Junto a los avances cient\u00edficos, se dan numerosos avances t\u00e9cnicos (fotograf\u00eda, tel\u00e9fono, tel\u00e9grafo, m\u00e1quina de vapor\u2026).<\/span><\/span><\/p>\n<p style=\"text-align: justify;\"><span style=\"color: #008000;\"><strong><strong><img loading=\"lazy\" src=\"http:\/\/www.fotosearch.com\/bthumb\/CSP\/CSP258\/k2580388.jpg\" alt=\"\" width=\"45\" height=\"35\" align=\"absmiddle\" \/><\/strong><span style=\"font-family: 'Century Gothic';\"><span style=\"font-size: medium;\">EL REALISMO Y EL NATURALISMO<\/span><\/span><\/strong><\/span><\/p>\n<p style=\"text-align: justify;\"><span style=\"font-family: 'Century Gothic';\"><span style=\"font-size: medium;\">Son las dos corrientes literarias fundamentales de la segunda mitad del siglo XIX. Surgen para reflejar la realidad tal como es, como una reacci\u00f3n contra la est\u00e9tica rom\u00e1ntica y sus excesos. Utilizan especialmente la novela, por su gran extensi\u00f3n y permitir reflejar m\u00faltiples facetas de la sociedad (historias, caracteres, ideas\u2026).<br \/>\n<strong><span style=\"color: #ff6600;\"> <\/span><\/strong><\/span><\/span><\/p>\n<p style=\"text-align: justify;\"><span style=\"font-family: 'Century Gothic';\"><span style=\"font-size: medium;\"><strong><span style=\"color: #ff6600;\">Realismo:<\/span><\/strong><\/span><\/span><\/p>\n<p style=\"padding-left: 30px;\"><strong><em><img loading=\"lazy\" src=\"http:\/\/www.fotosearch.com\/bthumb\/CSP\/CSP067\/k0670541.jpg\" alt=\"\" width=\"21\" height=\"21\" align=\"absmiddle\" \/><\/em><\/strong><span style=\"font-family: 'Century Gothic';\"><span style=\"font-size: medium;\"> Se interesa por la realidad externa, frente a la exhibici\u00f3n de la intimidad del autor del Romanticismo.<\/span><\/span><span style=\"font-family: 'Century Gothic';\"><span style=\"font-size: medium;\"> El autor habla de lo que le rodea, y no de s\u00ed mismo, observando todo meticulosamente e intentando dar una referencia objetiva de eso.<\/span><\/span><span style=\"font-family: 'Century Gothic';\"><span style=\"font-size: medium;\"> La atenci\u00f3n se centra en lo pr\u00f3ximo y f\u00e1cilmente observable m\u00e1s que en lo lejano y ex\u00f3tico.<\/span><\/span><span style=\"font-family: 'Century Gothic';\"><span style=\"font-size: medium;\"> Se tiende a hablar de escenas de la vida cotidiana y de temas econ\u00f3micos, sociales e ideol\u00f3gicos del momento.<\/span><\/span><br \/>\n<strong><em><img loading=\"lazy\" src=\"http:\/\/www.fotosearch.com\/bthumb\/CSP\/CSP067\/k0670541.jpg\" alt=\"\" width=\"21\" height=\"21\" align=\"absmiddle\" \/><\/em><\/strong><span style=\"font-family: 'Century Gothic';\"><span style=\"font-size: medium;\">Se utiliza una expresi\u00f3n sobria y precisa, cediendo la intenci\u00f3n est\u00e9tica frente al prop\u00f3sito docente.<\/span><\/span><br \/>\n<strong><em><img loading=\"lazy\" src=\"http:\/\/www.fotosearch.com\/bthumb\/CSP\/CSP067\/k0670541.jpg\" alt=\"\" width=\"21\" height=\"21\" align=\"absmiddle\" \/><\/em><\/strong><span style=\"font-family: 'Century Gothic';\"><span style=\"font-size: medium;\">Frente al idealismo y apasionamiento rom\u00e1ntico, el autor se caracteriza por un esp\u00edritu sensato, moderado y pr\u00e1ctico, es decir, burgu\u00e9s.<\/span><\/span><br \/>\n<strong><em><img loading=\"lazy\" src=\"http:\/\/www.fotosearch.com\/bthumb\/CSP\/CSP067\/k0670541.jpg\" alt=\"\" width=\"21\" height=\"21\" align=\"absmiddle\" \/><\/em><\/strong><span style=\"font-family: 'Century Gothic';\"><span style=\"font-size: medium;\">Los personajes est\u00e1n sacados de la vida de la \u00e9poca (descripciones minuciosas, f\u00edsicas y ps\u00edquicas).<\/span><\/span><span style=\"font-family: 'Century Gothic';\"><span style=\"font-size: medium;\"> Usan un lenguaje adecuado a cada uno, mezclando lo culto y lo vulgar, con giros coloquiales, muletillas\u2026<\/span><\/span><span style=\"font-family: 'Century Gothic';\"><span style=\"font-size: medium;\"> Se relaciona la vida privada de los personajes con la vida p\u00fablica en la que se desenvuelven, cercana al escritor y al lector.<\/span><\/span><br \/>\n<strong><em><img loading=\"lazy\" src=\"http:\/\/www.fotosearch.com\/bthumb\/CSP\/CSP067\/k0670541.jpg\" alt=\"\" width=\"21\" height=\"21\" align=\"absmiddle\" \/><\/em><\/strong><span style=\"font-family: 'Century Gothic';\"><span style=\"font-size: medium;\">Los escenarios son cercanos y reconocibles por el lector (calles, casas y paisajes pr\u00f3ximos y reales).<\/span><\/span><br \/>\n<strong><em><img loading=\"lazy\" src=\"http:\/\/www.fotosearch.com\/bthumb\/CSP\/CSP067\/k0670541.jpg\" alt=\"\" width=\"21\" height=\"21\" align=\"absmiddle\" \/><\/em><\/strong><span style=\"font-family: 'Century Gothic';\"><span style=\"font-size: medium;\">El narrador es omnisciente: conoce perfectamente el ambiente, a los personajes y valora y emite juicios sobre ellos o los hechos.<\/span><\/span><span style=\"font-family: 'Century Gothic';\"><span style=\"font-size: medium;\"> Se plantean posturas ideol\u00f3gicas y reflexiones sobre los valores morales de la sociedad.<\/span><\/span><\/p>\n<p><span style=\"font-family: 'Century Gothic';\"><span style=\"font-size: medium;\"><span style=\"color: #ff6600;\"><strong>Naturalismo:<\/strong><\/span><\/span><\/span><\/p>\n<p style=\"padding-left: 30px;\"><strong><em><img loading=\"lazy\" src=\"http:\/\/www.fotosearch.com\/bthumb\/CSP\/CSP067\/k0670541.jpg\" alt=\"\" width=\"21\" height=\"21\" align=\"absmiddle\" \/><\/em><\/strong><span style=\"font-family: 'Century Gothic';\"><span style=\"font-size: medium;\">Surge hacia 1870, derivado del Realismo, pero con algunos elementos nuevos.<\/span><\/span><br \/>\n<strong><em><img loading=\"lazy\" src=\"http:\/\/www.fotosearch.com\/bthumb\/CSP\/CSP067\/k0670541.jpg\" alt=\"\" width=\"21\" height=\"21\" align=\"absmiddle\" \/><\/em><\/strong><span style=\"font-family: 'Century Gothic';\"><span style=\"font-size: medium;\">Su autor m\u00e1s significativo es \u00c9mile Zola.<\/span><\/span><br \/>\n<strong><em><img loading=\"lazy\" src=\"http:\/\/www.fotosearch.com\/bthumb\/CSP\/CSP067\/k0670541.jpg\" alt=\"\" width=\"21\" height=\"21\" align=\"absmiddle\" \/><\/em><\/strong><span style=\"font-family: 'Century Gothic';\"><span style=\"font-size: medium;\">Aparece marcado por el determinismo positivista: los hechos ps\u00edquicos que obedecen a leyes tan inexorables como los fen\u00f3menos f\u00edsicos.<\/span><\/span><br \/>\n<strong><em><img loading=\"lazy\" src=\"http:\/\/www.fotosearch.com\/bthumb\/CSP\/CSP067\/k0670541.jpg\" alt=\"\" width=\"21\" height=\"21\" align=\"absmiddle\" \/><\/em><\/strong><span style=\"font-family: 'Century Gothic';\"><span style=\"font-size: medium;\">Se escogen ambientes de degeneraci\u00f3n y miseria y personajes marginales para mostrar los instintos m\u00e1s brutales y primarios del hombre y la opresi\u00f3n ejercida sobre los humildes por una sociedad injusta.<\/span><\/span><span style=\"font-family: 'Century Gothic';\"><span style=\"font-size: medium;\"> En consecuencia, asume un compromiso social y pol\u00edtico frente al ego\u00edsmo de la poderosa clase burguesa.<\/span><\/span><\/p>\n<p style=\"text-align: justify;\"><strong><span style=\"font-family: 'Century Gothic';\"><span style=\"font-size: medium;\"> <span style=\"color: #ff6600;\">Autores realistas m\u00e1s detacados:<\/span><\/span><\/span><\/strong><\/p>\n<p style=\"text-align: justify; padding-left: 30px;\"><span style=\"font-family: 'Century Gothic';\"><span style=\"font-size: medium;\"><img loading=\"lazy\" class=\"alignabsmiddle\" src=\"http:\/\/4.bp.blogspot.com\/_fdqJ_nfp1KI\/SXWVmVfrz_I\/AAAAAAAABHI\/26OzR4BWNeM\/s400\/IndexBanderaInglesa.jpg\" alt=\"\" width=\"30\" height=\"31\" align=\"absmiddle\" \/> Inglaterra: <span style=\"color: #ff6600;\"><strong>Charles Dickens<\/strong><\/span>:<em> Oliver Twist,<\/em> <span style=\"color: #ff6600;\"><strong>David Copperfield<\/strong><\/span>, <em>Papeles del Club Pickwick.<\/em><\/span><\/span><\/p>\n<p style=\"text-align: justify; padding-left: 30px;\"><span style=\"font-family: 'Century Gothic';\"><span style=\"font-size: medium;\"> <img loading=\"lazy\" class=\"alignnone\" src=\"http:\/\/www.usergioarboleda.edu.co\/derecho\/ecole_de_droit\/bandera-francia.jpg\" alt=\"\" width=\"30\" height=\"30\" align=\"absmiddle\" \/> Francia: <span style=\"color: #ff6600;\"><strong>Honor\u00e9 de Balzac<\/strong><\/span>: <em>La comedia humana. <\/em><span style=\"color: #ff6600;\"><strong>Gustave Flaubert<\/strong><\/span>: <em>Madame Bovary<\/em>. <span style=\"color: #ff6600;\"><strong>Stendhal<\/strong><\/span>: <em>Rojo y negro, La cartuja de Parma.<\/em> <span style=\"color: #ff6600;\"><strong>Victor Hugo<\/strong><\/span>: <em>Nuestra Se\u00f1ora de Par\u00eds, Los miserables.<\/em> <span style=\"color: #ff6600;\"><strong>\u00c9mile Zola (Naturalismo)<\/strong><\/span>: <em>Germinal<\/em>.<\/span><\/span><\/p>\n<p style=\"text-align: justify; padding-left: 30px;\"><span style=\"font-family: 'Century Gothic';\"><span style=\"font-size: medium;\"><img loading=\"lazy\" class=\"alignnone\" src=\"http:\/\/farm1.static.flickr.com\/30\/52955721_8b5454a7e1.jpg?v=0\" alt=\"\" width=\"30\" height=\"30\" align=\"absmiddle\" \/> Rusia:\t<span style=\"color: #ff6600;\"><strong>Lev N. Tolstoi: <\/strong><\/span><em>Guerra y paz, Ana Karenina.<\/em> <span style=\"color: #ff6600;\"><strong>Fiodor  M. Dostoievski:<\/strong><\/span> <em>Crimen y castigo, Los hermanos Karam\u00e1zov, El jugador, El idiota.<\/em><\/span><\/span><\/p>\n<p style=\"text-align: justify;\"><span style=\"font-family: 'Century Gothic';\"><span style=\"font-size: medium;\"><br \/>\n<\/span><\/span><span style=\"color: #008000;\"><strong><strong><img loading=\"lazy\" src=\"http:\/\/www.fotosearch.com\/bthumb\/CSP\/CSP258\/k2580389.jpg\" alt=\"\" width=\"45\" height=\"35\" align=\"absmiddle\" \/><\/strong><span style=\"font-family: 'Century Gothic';\"><span style=\"font-size: medium;\">EL REALISMO EN ESPA\u00d1A<\/span><\/span><\/strong><\/span><\/p>\n<p style=\"text-align: justify;\"><span style=\"font-family: 'Century Gothic';\"><span style=\"font-size: medium;\"><br \/>\nPor encima de los dem\u00e1s g\u00e9neros, utiliza la novela, por considerarla el veh\u00edculo m\u00e1s adecuado para reflejar la sociedad y la realidad. Comienza con la aparici\u00f3n, en 1868, de <span style=\"color: #ff6600;\"><em>La fontana de oro<\/em><\/span>, de P\u00e9rez Gald\u00f3s. Hay varias tendencias dentro del realismo, seg\u00fan los aspectos de la realidad que reflejan y las orientaciones ideol\u00f3gicas.<br \/>\n<span style=\"color: #ff6600;\"><strong><\/strong><\/span><\/span><\/span><\/p>\n<p style=\"text-align: justify;\"><span style=\"font-family: 'Century Gothic';\"><span style=\"font-size: medium;\"><span style=\"color: #ff6600;\"><strong>Idealizante:<\/strong><\/span><br \/>\nSe fija en la parte m\u00e1s amable de la realidad, rehuyendo los aspectos m\u00e1s crudos o desagradables. Tiene una intenci\u00f3n moralizadora que lleva a deformar, en alg\u00fan caso, lo que desaprueban (lo moderno, la ciudad). Autores:<br \/>\n<span style=\"color: #0000ff;\">o<strong> Pedro Antonio de Alarc\u00f3n (1833-1891)<\/strong><\/span><\/span><\/span><\/p>\n<p style=\"text-align: justify; padding-left: 60px;\"><span style=\"font-family: 'Century Gothic';\"><span style=\"font-size: medium;\">Puede considerarse como punto de transici\u00f3n entre el Romanticismo y el Realismo.<br \/>\nDescribe con m\u00e1s entusiasmo rom\u00e1ntico que con precisi\u00f3n y objetividad realista.<br \/>\nDestaca por la gracia y amenidad de la narraci\u00f3n y el colorido de las descripciones.<br \/>\nObra: El sombrero de tres picos, <em>El esc\u00e1ndalo y otros relatos cortos.<\/em><\/span><\/span><\/p>\n<p style=\"text-align: justify;\"><span style=\"font-family: 'Century Gothic';\"><span style=\"font-size: medium;\"><span style=\"color: #0000ff;\"><strong>o\tJos\u00e9 Mar\u00eda Pereda (1833-1906)<\/strong><\/span><br \/>\n<\/span><\/span><\/p>\n<p style=\"text-align: justify; padding-left: 60px;\"><span style=\"font-family: 'Century Gothic';\"><span style=\"font-size: medium;\">Sus primeras obras son cuadros de costumbres y, posteriormente, hace novelas de tesis<br \/>\nDefiende las ideas tradicionales, resultando anacr\u00f3nico en sus planteamientos.<\/span><span style=\"font-size: medium;\"> Se caracteriza por una acci\u00f3n lenta y mon\u00f3tona y por sus descripciones. Es el mejor paisajista de su generaci\u00f3n, mostrando una naturaleza \u00e9pica, cuyo aspecto grandioso describe con en\u00e9rgicos rasgos. Obras: <em>Sotileza, Pe\u00f1as arriba.<\/em><\/span><\/span><\/p>\n<p style=\"text-align: justify;\"><span style=\"font-family: 'Century Gothic';\"><span style=\"font-size: medium;\"><span style=\"color: #ff6600;\"><strong>Esteticista:<\/strong><\/span><br \/>\nParte del intr\u00ednseco valor art\u00edstico de la obra, sin servir a otros intereses (especialmente moralizadores).<br \/>\nTiende a buscar la belleza, excluyendo lo feo y desagradable.<br \/>\nNo copia la realidad, pero tampoco la deforma: se basa en la observaci\u00f3n, los recuerdos y la experiencia.<br \/>\n<\/span><\/span><\/p>\n<p style=\"text-align: justify;\"><span style=\"color: #0000ff;\"><strong><span style=\"font-family: 'Century Gothic';\"><span style=\"font-size: medium;\">o\tJuan Valera (1824-1905)<\/span><\/span><\/strong><\/span><\/p>\n<p style=\"text-align: justify; padding-left: 60px;\"><span style=\"font-family: 'Century Gothic';\"><span style=\"font-size: medium;\">Su buen gusto, elegancia, liberalismo, escepticismo e iron\u00eda le alejan de cualquier compromiso ideol\u00f3gico.<br \/>\nRepudia los excesos rom\u00e1nticos, pero tambi\u00e9n le molesta la literatura de tesis y el af\u00e1n de exactitud realista.<br \/>\nSolo le interesa crear una obra de arte, de modo que trata la realidad con una leve estilizaci\u00f3n embellecedora.<br \/>\nSe centra en los temas amorosos, eludiendo el conflicto tr\u00e1gico.<br \/>\nCuida especialmente el an\u00e1lisis de la psicolog\u00eda de los personajes.<br \/>\nObras: Pepita Jim\u00e9nez, Juanita la Larga.<br \/>\n<span style=\"color: #ff6600;\">Realista pura:<\/span><br \/>\n\u2022\tPretende mostrar la realidad del modo m\u00e1s objetivo posible, sin desde\u00f1ar ning\u00fan aspecto de ella.<br \/>\n\u2022\tAutores destacados: P\u00e9rez Gald\u00f3s y \u201cClar\u00edn\u201d.<br \/>\n<span style=\"color: #ff6600;\">Naturalista:<\/span><br \/>\n\u2022\tEn sentido estricto, no se dio nunca en Espa\u00f1a, aunque influy\u00f3 en algunos autores.<\/span><\/span><\/p>\n<p style=\"text-align: justify;\"><span style=\"color: #0000ff;\"><strong><span style=\"font-family: 'Century Gothic';\"><span style=\"font-size: medium;\"><br \/>\no\tEmilia Pardo Baz\u00e1n (1851-1921)<\/span><\/span><\/strong><\/span><\/p>\n<p style=\"text-align: justify; padding-left: 60px;\"><span style=\"font-family: 'Century Gothic';\"><span style=\"font-size: medium;\">\u2022\tDefiende en un principio las ideas del Naturalismo, aunque posteriormente evoluciona a una novela de tipo espiritualista y simb\u00f3lico.<br \/>\n\u2022\tObras: <em>Los pazos de Ulloa, La madre naturaleza.<\/em><\/span><\/span><\/p>\n<p style=\"text-align: justify;\"><strong><span style=\"color: #0000ff;\"><span style=\"font-family: 'Century Gothic';\"><span style=\"font-size: medium;\">o\tVicente Blasco Ib\u00e1\u00f1ez (1867-1928)<\/span><\/span><\/span><\/strong><\/p>\n<p style=\"text-align: justify; padding-left: 60px;\"><span style=\"font-family: 'Century Gothic';\"><span style=\"font-size: medium;\">Ambienta sus novelas en su Valencia natal y alrededores.<br \/>\nDescribe la vida de los pescadores y huertanos con gran brillantez de color y enorme fuerza pl\u00e1stica, y con enorme dureza.<br \/>\nObras: <em>Arroz y tartana, La barraca, Ca\u00f1as y barro.<\/em><\/span><\/span><\/p>\n<p style=\"text-align: justify;\"><span style=\"font-family: 'Century Gothic';\"><span style=\"font-size: medium;\"><br \/>\n<\/span><\/span><span style=\"color: #008000;\"><strong><strong><img loading=\"lazy\" src=\"http:\/\/www.fotosearch.com\/bthumb\/CSP\/CSP258\/k2580390.jpg\" alt=\"\" width=\"45\" height=\"35\" align=\"absmiddle\" \/><\/strong><\/strong><\/span><span style=\"font-family: 'Century Gothic';\"><span style=\"font-size: medium;\"><span style=\"color: #008000;\"><strong>BENITO P\u00c9REZ GALD\u00d3S (1843-1920)<\/strong><\/span><br \/>\n<img loading=\"lazy\" class=\"alignleft\" src=\"http:\/\/files.nireblog.com\/blogs\/cuentosacientos\/files\/benito_perez_galdos1.jpg\" alt=\"\" width=\"171\" height=\"127\" \/>Nace en Las Palmas de Gran Canaria, aunque realiza sus estudios (Derecho) en Madrid, donde pasa el resto de su vida.<br \/>\nParticipa en la pol\u00edtica de la \u00e9poca (fue diputado dos veces), radicalizando sus posturas progresivamente. Desde muy joven se dedica a la literatura, debi\u00e9ndose a \u00e9l la renovaci\u00f3n de la novela espa\u00f1ola. En su amplia producci\u00f3n literaria muestra los distintos enfoques que adopta la narrativa: realismo, naturalismo y espiritualismo. Adem\u00e1s de la novela, tambi\u00e9n es importante su producci\u00f3n teatral.<br \/>\n<strong><span style=\"color: #ff6600;\">Los Episodios Nacionales<\/span><\/strong><\/span><\/span><\/p>\n<p style=\"text-align: justify; padding-left: 60px;\"><span style=\"font-family: 'Century Gothic';\"><span style=\"font-size: medium;\"><strong><\/strong>Son 46 vol\u00famenes, agrupados en cinco series:<br \/>\n1\u00aa: Referida a la Guerra de la Independencia: Trafalgar (1873), Bail\u00e9n, Zaragoza\u2026<br \/>\n2\u00aa: Trata de las luchas pol\u00edticas entre absolutistas y liberales, hasta la muerte de Fernando VII: El equipaje del rey Jos\u00e9, El terror de 1824.<br \/>\n3\u00aa: Dedicada a la guerra carlista.<br \/>\n4\u00aa: Desde la revoluci\u00f3n del 48 hasta el destronamiento de Isabel II.<br \/>\n5\u00aa: Hasta la restauraci\u00f3n borb\u00f3nica.<\/span><\/span><\/p>\n<p style=\"text-align: justify;\"><span style=\"font-family: 'Century Gothic';\"><span style=\"font-size: medium;\">Ofrece una historia novelada del siglo XIX espa\u00f1ol.<br \/>\nPasa de un tono \u00e9pico de las primeras novelas a transmitir desenga\u00f1o en las \u00faltimas con las intrigas pol\u00edticas posteriores.<br \/>\nHistoria y novela se entrecruzan con una t\u00e9cnica animada y realista, mostrando una imagen veros\u00edmil de la \u00e9poca en que se ambientan.<br \/>\n<strong><\/strong><\/span><\/span><\/p>\n<p style=\"text-align: justify;\"><span style=\"font-family: 'Century Gothic';\"><span style=\"font-size: medium;\"><strong><span style=\"color: #ff6600;\">Las novelas de la primera \u00e9poca<\/span><\/strong><br \/>\nEn esta \u00e9poca est\u00e1 muy influido por la ideolog\u00eda krausista y se siente preocupado por las resonancias sociales del problema religioso.Resultado de su liberalismo anticlerical son las novelas de tesis en que la realidad queda excesivamente esquematizada. Opone el mundo liberal (partidario del progreso, el trabajo y el respeto) y el tradicional (intransigente, fan\u00e1tico, adicto a la Iglesia). Consiguientemente, seg\u00fan sus ideas los personajes son \u201cbuenos\u201d o \u201cmalos\u201d, sin reconciliaci\u00f3n posible. <strong>Obras<\/strong>: <em>Do\u00f1a Perfecta<\/em> (odioso personaje que causa la muerte de un ingeniero de amplios ideales), <em>La familia de Le\u00f3n Roch, Gloria<\/em> (las diferencias religiosas separan a dos j\u00f3venes que se aman), <em>Marianela<\/em>.<br \/>\n<span style=\"color: #ff6600;\"><strong><\/strong><\/span><\/span><\/span><\/p>\n<p style=\"text-align: justify;\"><span style=\"font-family: 'Century Gothic';\"><span style=\"font-size: medium;\"><span style=\"color: #ff6600;\"><strong>Las \u201cNovelas espa\u00f1olas contempor\u00e1neas\u201d<\/strong><\/span><br \/>\nAbandona la defensa de una tesis para centrarse en la descripci\u00f3n de la sociedad espa\u00f1ola de la \u00e9poca, especialmente la madrile\u00f1a. Adopta una t\u00e9cnica realista cercana al naturalismo, mostr\u00e1ndose como un gran observador de la realidad y creador de caracteres. Aparecen personajes de todas las clases sociales, pero sobre todo de la clase media, con sus virtudes y vicios. Esta sociedad le desilusiona, ya que no tiene ideales y es mediocre, incapaz de reformar la sociedad, como hab\u00eda pensado. <strong>Obras<\/strong>: <em>Tormento, Fortunata y Jacinta, Tristana, Miau, la serie de Torquemada.<\/em><\/span><span style=\"font-size: medium;\"> <\/span><\/span><\/p>\n<p style=\"text-align: justify;\"><span style=\"font-family: 'Century Gothic';\"><span style=\"font-size: medium;\"><span style=\"color: #ff6600;\"><strong>L<\/strong><\/span><span style=\"color: #ff6600;\"><strong>as novelas espiritualistas<\/strong><\/span><br \/>\nPasa del materialismo anterior a centrarse en el esp\u00edritu, exaltando la justicia y el amor de los personajes sobre las mezquindades de la sociedad. <strong>Obras<\/strong>: <em>Nazar\u00edn, Misericordia.<\/em><br \/>\n<span style=\"color: #ff6600;\"><strong><\/strong><\/span><\/span><\/span><\/p>\n<p style=\"text-align: justify;\"><span style=\"font-family: 'Century Gothic';\"><span style=\"font-size: medium;\"><span style=\"color: #ff6600;\"><strong>El teatro<\/strong><\/span><br \/>\nCaracterizado por centrarse en lo psicol\u00f3gico, le falta dominio de la escena.<br \/>\nAlgunas son adaptaciones de novelas suyas.<strong> Obras<\/strong>: <em>Do\u00f1a Perfecta, El abuelo, La de San Quint\u00edn, Electra.<\/em><br \/>\n<span style=\"color: #ff6600;\"><strong><\/strong><\/span><\/span><\/span><\/p>\n<p style=\"text-align: justify;\"><span style=\"font-family: 'Century Gothic';\"><span style=\"font-size: medium;\"><span style=\"color: #ff6600;\"><strong>El estilo de Gald\u00f3s<\/strong><\/span><br \/>\nNo cuida especialmente la forma.<br \/>\nSu prosa resulta siempre expresiva, suelta y espont\u00e1nea, cercana al habla cotidiana.<br \/>\nDescribe certeramente la sociedad de su \u00e9poca: (personajes, preocupaciones, ideolog\u00edas) y dota de gran vigor a las situaciones planteadas.<br \/>\nLe interesa m\u00e1s la ciudad que el paisaje natural.<br \/>\nLe importa mucho captar la esencia del alma de Espa\u00f1a, para regenerarla, y muestra gran inter\u00e9s por la condici\u00f3n humana.<br \/>\nEs el narrador realista por excelencia: aparecen todas las clases sociales, ideolog\u00edas progresistas, narrador omnisciente, lenguaje cotidiano y habitual, mezcla de narraci\u00f3n y di\u00e1logo\u2026<\/span><\/span><\/p>\n<p style=\"text-align: justify;\"><span style=\"font-family: 'Century Gothic';\"><span style=\"font-size: medium;\"><br \/>\n<\/span><\/span><span style=\"color: #008000;\"><strong><strong><img loading=\"lazy\" src=\"http:\/\/www.fotosearch.com\/bthumb\/CSP\/CSP258\/k2580391.jpg\" alt=\"\" width=\"45\" height=\"35\" align=\"absmiddle\" \/><\/strong><\/strong><\/span><span style=\"font-family: 'Century Gothic';\"><span style=\"font-size: medium;\"><span style=\"color: #008000;\"><strong>LEOPOLDO ALAS, CLAR\u00cdN (1852-1901)<\/strong><\/span><br \/>\n<img loading=\"lazy\" class=\"alignleft\" src=\"http:\/\/juanberpor.files.wordpress.com\/2009\/08\/clarin.jpg\" alt=\"\" width=\"112\" height=\"129\" \/>Naci\u00f3 en Zamora en 1852 y muere en Oviedo en 1901, donde hab\u00eda residido la mayor parte de su vida.<br \/>\nFue catedr\u00e1tico de Derecho, pero destaca sobre todo en la literatura, como cr\u00edtico y como narrador.<br \/>\nComo cr\u00edtico se caracteriza por su acritud y su fina intuici\u00f3n para descubrir valores literarios.<br \/>\nSu tono es fuertemente liberal y sus comentarios son duros, agrios y sat\u00edricos.<br \/>\nEscribe numerosos art\u00edculos llamados Solos y Paliques. Como narrador, escribe dos novelas extensas (Su \u00fanico hijo, La Regenta), varias novelas cortas (<em>Pip\u00e1, Do\u00f1a Berta<\/em>) y cuentos (<em>El gallo de S\u00f3crates, \u00a1Adi\u00f3s, Cordera!<\/em>).<br \/>\n<\/span><\/span><\/p>\n<p style=\"text-align: justify; padding-left: 60px;\"><span style=\"font-family: 'Century Gothic';\"><span style=\"font-size: medium;\">Estilo<br \/>\n<\/span><\/span><strong><strong><em><img loading=\"lazy\" src=\"http:\/\/www.fotosearch.com\/bthumb\/CSP\/CSP067\/k0670541.jpg\" alt=\"\" width=\"21\" height=\"21\" align=\"absmiddle\" \/><\/em><\/strong><\/strong><span style=\"font-family: 'Century Gothic';\"><span style=\"font-size: medium;\">Se inspira en la realidad, que intenta exponer objetivamente.<br \/>\n<\/span><\/span><strong><strong><em><img loading=\"lazy\" src=\"http:\/\/www.fotosearch.com\/bthumb\/CSP\/CSP067\/k0670541.jpg\" alt=\"\" width=\"21\" height=\"21\" align=\"absmiddle\" \/><\/em><\/strong><\/strong><span style=\"font-family: 'Century Gothic';\"><span style=\"font-size: medium;\">Utiliza una descripci\u00f3n detallista, pormenorizada, tanto para personajes como para el ambiente.<br \/>\n<\/span><\/span><strong><strong><em><img loading=\"lazy\" src=\"http:\/\/www.fotosearch.com\/bthumb\/CSP\/CSP067\/k0670541.jpg\" alt=\"\" width=\"21\" height=\"21\" align=\"absmiddle\" \/><\/em><\/strong><\/strong><span style=\"font-family: 'Century Gothic';\"><span style=\"font-size: medium;\">En los personajes describe minuciosamente su modo de pensar, su psicolog\u00eda.<br \/>\n<\/span><\/span><strong><strong><em><img loading=\"lazy\" src=\"http:\/\/www.fotosearch.com\/bthumb\/CSP\/CSP067\/k0670541.jpg\" alt=\"\" width=\"21\" height=\"21\" align=\"absmiddle\" \/><\/em><\/strong><\/strong><span style=\"font-family: 'Century Gothic';\"><span style=\"font-size: medium;\">En el ambiente, recrea lo que le rodea a \u00e9l mismo (Oviedo y sus alrededores).<br \/>\n<\/span><\/span><strong><strong><em><img loading=\"lazy\" src=\"http:\/\/www.fotosearch.com\/bthumb\/CSP\/CSP067\/k0670541.jpg\" alt=\"\" width=\"21\" height=\"21\" align=\"absmiddle\" \/><\/em><\/strong><\/strong><span style=\"font-family: 'Century Gothic';\"><span style=\"font-size: medium;\">Emplea un lenguaje \u201cnatural, sencillo, expresivo y modesto\u201d, adaptado a las caracter\u00edsticas de cada personaje.<br \/>\n<\/span><\/span><strong><strong><em><img loading=\"lazy\" src=\"http:\/\/www.fotosearch.com\/bthumb\/CSP\/CSP067\/k0670541.jpg\" alt=\"\" width=\"21\" height=\"21\" align=\"absmiddle\" \/><\/em><\/strong><\/strong><span style=\"font-family: 'Century Gothic';\"><span style=\"font-size: medium;\">Busca denunciar los males y la hipocres\u00eda de la sociedad que le rodea.<\/span><\/span><\/p>\n<p style=\"text-align: justify;\"><span style=\"font-family: 'Century Gothic';\"><span style=\"font-size: medium;\"><br \/>\n<\/span><\/span><em><a id=\"20070418klplyllic_257.Kes\" title=\"El burro flautista\" href=\"http:\/\/ec.kalipedia.com\/ciencias-vida\/tema\/diversidad-vida\/i-burro-flautista-i.html?x1=20070418klplyllic_257.Kes&amp;x=20070418klplyllic_258.Kes\"><em><img loading=\"lazy\" src=\"http:\/\/machkids.host56.com\/Images\/imagenes%20google\/icono_lectura.gif\" alt=\"\" width=\"75\" height=\"37\" align=\"absmiddle\" \/><\/em><\/a><\/em><span style=\"font-family: 'Century Gothic';\"><span style=\"font-size: medium;\"><span style=\"color: #ff6600;\"><strong>La Regenta (1885)<\/strong><\/span><br \/>\nPara muchos, es la segunda mejor novela de la literatura espa\u00f1ola, despu\u00e9s de El Quijote.<br \/>\nFue publicada en dos partes, cada una de 15 cap\u00edtulos, que narran respectivamente, la primera, 3 d\u00edas y, la segunda (m\u00e1s extensa) 3 a\u00f1os.<br \/>\n<span style=\"color: #ff6600;\">Argumento: <\/span>(v. libro de texto).<br \/>\n<\/span><\/span><\/p>\n<p style=\"text-align: justify;\"><span style=\"font-family: 'Century Gothic';\"><span style=\"font-size: medium;\"><span style=\"color: #ff6600;\">Caracter\u00edsticas:<\/span><\/span><\/span><\/p>\n<p style=\"text-align: justify; padding-left: 60px;\"><strong><strong><em><img loading=\"lazy\" src=\"http:\/\/www.fotosearch.com\/bthumb\/CSP\/CSP067\/k0670541.jpg\" alt=\"\" width=\"21\" height=\"21\" align=\"absmiddle\" \/><\/em><\/strong><\/strong><span style=\"font-family: 'Century Gothic';\"><span style=\"font-size: medium;\">Tiene gran importancia la caracterizaci\u00f3n psicol\u00f3gica de los personajes.<br \/>\n<\/span><\/span><strong><strong><em><img loading=\"lazy\" src=\"http:\/\/www.fotosearch.com\/bthumb\/CSP\/CSP067\/k0670541.jpg\" alt=\"\" width=\"21\" height=\"21\" align=\"absmiddle\" \/><\/em><\/strong><\/strong><span style=\"font-family: 'Century Gothic';\"><span style=\"font-size: medium;\">Su retrato moral lo hace por medio de los recuerdos del pasado, las dudas, deseos, frustraciones y ambiciones.<br \/>\n<\/span><\/span><strong><strong><em><img loading=\"lazy\" src=\"http:\/\/www.fotosearch.com\/bthumb\/CSP\/CSP067\/k0670541.jpg\" alt=\"\" width=\"21\" height=\"21\" align=\"absmiddle\" \/><\/em><\/strong><\/strong><span style=\"font-family: 'Century Gothic';\"><span style=\"font-size: medium;\">Son personajes en permanente conflicto personal y moral.<br \/>\n<\/span><\/span><strong><strong><em><img loading=\"lazy\" src=\"http:\/\/www.fotosearch.com\/bthumb\/CSP\/CSP067\/k0670541.jpg\" alt=\"\" width=\"21\" height=\"21\" align=\"absmiddle\" \/><\/em><\/strong><\/strong><span style=\"font-family: 'Century Gothic';\"><span style=\"font-size: medium;\">Describe con detalle a muchos personajes secundarios por su relaci\u00f3n directa con la historia o para recrear el ambiente de Vetusta.<br \/>\n<\/span><\/span><strong><strong><em><img loading=\"lazy\" src=\"http:\/\/www.fotosearch.com\/bthumb\/CSP\/CSP067\/k0670541.jpg\" alt=\"\" width=\"21\" height=\"21\" align=\"absmiddle\" \/><\/em><\/strong><\/strong><span style=\"font-family: 'Century Gothic';\"><span style=\"font-size: medium;\">Hace una cr\u00f3nica de la ciudad (habitantes, costumbres, fiestas, calles\u2026) y una fuerte cr\u00edtica social, con un humor ir\u00f3nico y amargo.<br \/>\n<\/span><\/span><strong><strong><em><img loading=\"lazy\" src=\"http:\/\/www.fotosearch.com\/bthumb\/CSP\/CSP067\/k0670541.jpg\" alt=\"\" width=\"21\" height=\"21\" align=\"absmiddle\" \/><\/em><\/strong><\/strong><span style=\"font-family: 'Century Gothic';\"><span style=\"font-size: medium;\">Vetusta es un trasunto de la sociedad espa\u00f1ola de la \u00e9poca, dominada por los convencionalismos y el desd\u00e9n por las innovaciones.<br \/>\n<\/span><\/span><strong><strong><em><img loading=\"lazy\" src=\"http:\/\/www.fotosearch.com\/bthumb\/CSP\/CSP067\/k0670541.jpg\" alt=\"\" width=\"21\" height=\"21\" align=\"absmiddle\" \/><\/em><\/strong><\/strong><span style=\"font-family: 'Century Gothic';\"><span style=\"font-size: medium;\">Todos los grupos sociales son caracterizados, reservando una especial dureza para la Iglesia y la aristocracia.<\/span><\/span><\/p>\n<p style=\"text-align: justify;\"><span style=\"font-family: 'Century Gothic';\"><span style=\"font-size: medium;\"><br \/>\n<span style=\"color: #ff6600;\">Estilo:<\/span><\/span><\/span><\/p>\n<p style=\"text-align: justify; padding-left: 60px;\"><strong><strong><em><img loading=\"lazy\" src=\"http:\/\/www.fotosearch.com\/bthumb\/CSP\/CSP067\/k0670541.jpg\" alt=\"\" width=\"21\" height=\"21\" align=\"absmiddle\" \/><\/em><\/strong><\/strong><span style=\"font-family: 'Century Gothic';\"><span style=\"font-size: medium;\">Se caracteriza por la perfecci\u00f3n formal.<br \/>\n<\/span><\/span><strong><strong><em><img loading=\"lazy\" src=\"http:\/\/www.fotosearch.com\/bthumb\/CSP\/CSP067\/k0670541.jpg\" alt=\"\" width=\"21\" height=\"21\" align=\"absmiddle\" \/><\/em><\/strong><\/strong><span style=\"font-family: 'Century Gothic';\"><span style=\"font-size: medium;\">Adapta el ritmo narrativo a los acontecimientos que relata.<br \/>\n<\/span><\/span><strong><strong><em><img loading=\"lazy\" src=\"http:\/\/www.fotosearch.com\/bthumb\/CSP\/CSP067\/k0670541.jpg\" alt=\"\" width=\"21\" height=\"21\" align=\"absmiddle\" \/><\/em><\/strong><\/strong><span style=\"font-family: 'Century Gothic';\"><span style=\"font-size: medium;\">En la primera parte (3 d\u00edas), abundan las descripciones minuciosas y los recuerdos del pasado.<br \/>\n<\/span><\/span><strong><strong><em><img loading=\"lazy\" src=\"http:\/\/www.fotosearch.com\/bthumb\/CSP\/CSP067\/k0670541.jpg\" alt=\"\" width=\"21\" height=\"21\" align=\"absmiddle\" \/><\/em><\/strong><\/strong><span style=\"font-family: 'Century Gothic';\"><span style=\"font-size: medium;\">En la segunda parte (3 a\u00f1os), la acci\u00f3n avanza a un ritmo mucho m\u00e1s r\u00e1pido, incluso tiene anticipaciones que anuncian el desenlace.<br \/>\n<\/span><\/span><strong><strong><em><img loading=\"lazy\" src=\"http:\/\/www.fotosearch.com\/bthumb\/CSP\/CSP067\/k0670541.jpg\" alt=\"\" width=\"21\" height=\"21\" align=\"absmiddle\" \/><\/em><\/strong><\/strong><span style=\"font-family: 'Century Gothic';\"><span style=\"font-size: medium;\">Hay abundantes di\u00e1logos, mon\u00f3logos y disertaciones del autor.<\/span><\/span><\/p>\n","protected":false},"excerpt":{"rendered":"<p>MARCO HIST\u00d3RICO 1833-1868: Reinado de Isabel II. Alternancia en el gobierno de moderados y progresistas. Guerras carlistas, entre los partidarios de Carlos Mar\u00eda Isidro (hermano de Fernando VII) y los de Isabel II. 1868: La Gloriosa, revoluci\u00f3n liberal que lleva a Isabel II al exilio. 1869-1875: Sexenio revolucionario. 1871-1873: Reinado de Amadeo I de Saboya.<\/p>\n","protected":false},"author":1,"featured_media":0,"parent":2870,"menu_order":3,"comment_status":"open","ping_status":"open","template":"onecolumn-page.php","meta":{"_monsterinsights_skip_tracking":false,"_monsterinsights_sitenote_active":false,"_monsterinsights_sitenote_note":"","_monsterinsights_sitenote_category":0},"aioseo_notices":[],"_links":{"self":[{"href":"http:\/\/www.apuntesdelengua.com\/blog\/wp-json\/wp\/v2\/pages\/2881"}],"collection":[{"href":"http:\/\/www.apuntesdelengua.com\/blog\/wp-json\/wp\/v2\/pages"}],"about":[{"href":"http:\/\/www.apuntesdelengua.com\/blog\/wp-json\/wp\/v2\/types\/page"}],"author":[{"embeddable":true,"href":"http:\/\/www.apuntesdelengua.com\/blog\/wp-json\/wp\/v2\/users\/1"}],"replies":[{"embeddable":true,"href":"http:\/\/www.apuntesdelengua.com\/blog\/wp-json\/wp\/v2\/comments?post=2881"}],"version-history":[{"count":5,"href":"http:\/\/www.apuntesdelengua.com\/blog\/wp-json\/wp\/v2\/pages\/2881\/revisions"}],"predecessor-version":[{"id":2884,"href":"http:\/\/www.apuntesdelengua.com\/blog\/wp-json\/wp\/v2\/pages\/2881\/revisions\/2884"}],"up":[{"embeddable":true,"href":"http:\/\/www.apuntesdelengua.com\/blog\/wp-json\/wp\/v2\/pages\/2870"}],"wp:attachment":[{"href":"http:\/\/www.apuntesdelengua.com\/blog\/wp-json\/wp\/v2\/media?parent=2881"}],"curies":[{"name":"wp","href":"https:\/\/api.w.org\/{rel}","templated":true}]}}