{"id":2926,"date":"2010-07-06T21:43:29","date_gmt":"2010-07-06T20:43:29","guid":{"rendered":"http:\/\/www.apuntesdelengua.com\/blog\/?page_id=2926"},"modified":"2010-08-04T12:22:56","modified_gmt":"2010-08-04T11:22:56","slug":"las-vanguardias","status":"publish","type":"page","link":"http:\/\/www.apuntesdelengua.com\/blog\/cursos\/4%c2%ba-eso\/las-vanguardias\/","title":{"rendered":"Las Vanguardias"},"content":{"rendered":"<p style=\"text-align: justify;\"><span style=\"color: #008000;\"><strong><img loading=\"lazy\" src=\"http:\/\/www.fotosearch.com\/bthumb\/CSP\/CSP258\/k2580374.jpg\" alt=\"\" width=\"45\" height=\"35\" align=\"absmiddle\" \/><\/strong><\/span><span style=\"font-family: 'Century Gothic';\"><span style=\"font-size: medium;\"><strong><span style=\"color: #008000;\">LOS MOVIMIENTOS DE VANGUARDIA<\/span><\/strong><\/span><\/span><\/p>\n<p style=\"text-align: justify; padding-left: 60px;\"><span style=\"font-family: 'Century Gothic';\"><span style=\"font-size: medium;\"><strong><span style=\"color: #008000;\"> <\/span><\/strong><span style=\"color: #008000;\"><strong>a)<\/strong><\/span> Las vanguardias son una serie de movimientos art\u00edsticos (futurismo, cubismo, expresionismo, dada\u00edsmo, surrealismo, etc.) que se producen en Europa e Hispanoam\u00e9rica desde comienzos del siglo XX y que alcanzaron su esplendor a partir de la Primera Guerra Mundial (1914).<br \/>\n<span style=\"color: #008000;\"><strong>b) <\/strong><\/span>Prop\u00f3sito de las vanguardias: Renovar radicalmente el arte (pintura, escultura, m\u00fasica, arquitectura, literatura, etc.) rompiendo con la est\u00e9tica anterior, sobre todo con la REALISTA.<br \/>\n<span style=\"color: #008000;\"><strong>c)<\/strong><\/span> \u00bfQu\u00e9 buscan los vanguardistas?<br \/>\n&#8211;\tUna continua experimentaci\u00f3n de formas, contenidos, enfoques y t\u00e9cnicas.<br \/>\n&#8211;\tLiberar al arte de todas las convenciones y principios tradicionales.<br \/>\n&#8211;\tLa provocaci\u00f3n, en muchos casos, contra las normas sociales establecidas.<br \/>\n<span style=\"color: #008000;\"><strong>d)<\/strong><\/span> Las vanguardias en ESPA\u00d1A:<br \/>\n&#8211;\tEl iniciador de las vanguardias en Espa\u00f1a es <span style=\"color: #ff6600;\"><strong>RAM\u00d3N G\u00d3MEZ DE LA SERNA<\/strong><\/span>, quien en 1909 dio a conocer el futurismo en la revista Prometeo.<br \/>\n&#8211;\tA partir de 1918, comenzaron otros movimientos vanguardistas: el creacionismo y el ultra\u00edsmo.<br \/>\n&#8211;\tEl vanguardismo alcanzar\u00e1 su mayor auge en Espa\u00f1a con la Generaci\u00f3n del 27.<\/span><\/span><\/p>\n<p style=\"text-align: justify;\"><span style=\"font-family: 'Century Gothic';\"><span style=\"font-size: medium;\"> <\/span><\/span><span style=\"color: #008000;\"><strong><strong><img loading=\"lazy\" src=\"http:\/\/www.fotosearch.com\/bthumb\/CSP\/CSP258\/k2580376.jpg\" alt=\"\" width=\"45\" height=\"35\" align=\"absmiddle\" \/><\/strong><\/strong><\/span><span style=\"font-family: 'Century Gothic';\"><span style=\"font-size: medium;\"><span style=\"color: #008000;\"><strong>RAM\u00d3N G\u00d3MEZ DE LA SERNA<\/strong><\/span><\/span><\/span><\/p>\n<p style=\"text-align: justify; padding-left: 60px;\"><span style=\"font-family: 'Century Gothic';\"><span style=\"font-size: medium;\"><span style=\"color: #008000;\"> <\/span><\/span><\/span><strong><em><img loading=\"lazy\" src=\"http:\/\/www.fotosearch.com\/bthumb\/CSP\/CSP067\/k0670541.jpg\" alt=\"\" width=\"21\" height=\"21\" align=\"absmiddle\" \/><\/em><\/strong><span style=\"font-family: 'Century Gothic';\"><span style=\"font-size: medium;\">Fue el gran precursor de las vanguardias en Espa\u00f1a.<br \/>\n<\/span><\/span><strong><em><img loading=\"lazy\" src=\"http:\/\/www.fotosearch.com\/bthumb\/CSP\/CSP067\/k0670541.jpg\" alt=\"\" width=\"21\" height=\"21\" align=\"absmiddle\" \/><\/em><\/strong><span style=\"font-family: 'Century Gothic';\"><span style=\"font-size: medium;\">Escribi\u00f3 novelas, teatro y ensayos; pero fue realmente famoso por sus GREGUER\u00cdAS: se trata de composiciones de una sola frase en las que se combinan la met\u00e1fora, el humor y la agudeza conceptual. Son juegos del lenguaje ingenios\u00edsimos (descripciones ins\u00f3litas, pensamientos inesperados).<br \/>\n<\/span><\/span><strong><em><img loading=\"lazy\" src=\"http:\/\/www.fotosearch.com\/bthumb\/CSP\/CSP067\/k0670541.jpg\" alt=\"\" width=\"21\" height=\"21\" align=\"absmiddle\" \/><\/em><\/strong><span style=\"font-family: 'Century Gothic';\"><span style=\"font-size: medium;\">Ram\u00f3n defini\u00f3 la greguer\u00eda por medio de la siguiente f\u00f3rmula: MET\u00c1FORA  +  HUMOR  =  GREGUER\u00cdA<\/span><\/span><\/p>\n<p style=\"text-align: justify;\"><span style=\"font-family: 'Century Gothic';\"> <\/span><span style=\"color: #008000;\"><strong><strong><img loading=\"lazy\" src=\"http:\/\/www.fotosearch.com\/bthumb\/CSP\/CSP258\/k2580388.jpg\" alt=\"\" width=\"45\" height=\"35\" align=\"absmiddle\" \/><\/strong><\/strong><\/span><span style=\"font-family: 'Century Gothic';\"><span style=\"font-size: medium;\"><span style=\"color: #008000;\"><strong>EL CREACIONISMO Y EL ULTRA\u00cdSMO<\/strong><\/span><\/span><\/span><\/p>\n<p style=\"text-align: justify; padding-left: 60px;\"><span style=\"font-family: 'Century Gothic';\"><span style=\"font-size: medium;\"> <\/span><\/span><strong><em><img loading=\"lazy\" src=\"http:\/\/www.fotosearch.com\/bthumb\/CSP\/CSP067\/k0670541.jpg\" alt=\"\" width=\"21\" height=\"21\" align=\"absmiddle\" \/><\/em><\/strong><span style=\"font-family: 'Century Gothic';\"><span style=\"font-size: medium;\">Son las dos vanguardias de origen hisp\u00e1nico.<br \/>\n<\/span><\/span><span style=\"color: #ff6600;\"><strong><strong><em><img loading=\"lazy\" src=\"http:\/\/www.fotosearch.com\/bthumb\/CSP\/CSP067\/k0670541.jpg\" alt=\"\" width=\"21\" height=\"21\" align=\"absmiddle\" \/><\/em><\/strong><\/strong><\/span><span style=\"font-family: 'Century Gothic';\"><span style=\"font-size: medium;\"><span style=\"color: #ff6600;\"><strong>Creacionismo<\/strong><\/span>: Iniciado por el chileno <span style=\"color: #ff6600;\">Vicente Huidobro<\/span>, pretende crear poemas como objetos nuevos e independientes de la realidad que nos rodea. El poeta, al crear algo distinto a la realidad conocida, es considerado \u201cun peque\u00f1o dios\u201d. El poeta rompe entonces con la tradici\u00f3n realista. Esta vanguardia influy\u00f3 sobre todo en el poeta espa\u00f1ol de la Generaci\u00f3n del 27 llamado Gerardo Diego.<br \/>\n<\/span><\/span><span style=\"color: #ff6600;\"><strong><strong><em><img loading=\"lazy\" src=\"http:\/\/www.fotosearch.com\/bthumb\/CSP\/CSP067\/k0670541.jpg\" alt=\"\" width=\"21\" height=\"21\" align=\"absmiddle\" \/><\/em><\/strong><\/strong><\/span><span style=\"font-family: 'Century Gothic';\"><span style=\"font-size: medium;\"><span style=\"color: #ff6600;\"><strong>Ultra\u00edsmo<\/strong><\/span>: Integra varias vanguardias espa\u00f1olas de principios de siglo XX. Sus principios b\u00e1sicos son:<br \/>\n&#8211;\tPrimac\u00eda de la met\u00e1fora.<br \/>\n&#8211;\tEl arte como juego.<br \/>\n&#8211;\tSupresi\u00f3n de los signos de puntuaci\u00f3n y de la rima.<br \/>\n&#8211;\tFormas especiales: poemas visuales.<br \/>\n&#8211;\tRechazo del sentimentalismo.<br \/>\n<\/span><\/span><strong><em><img loading=\"lazy\" src=\"http:\/\/www.fotosearch.com\/bthumb\/CSP\/CSP067\/k0670541.jpg\" alt=\"\" width=\"21\" height=\"21\" align=\"absmiddle\" \/><\/em><\/strong><span style=\"font-family: 'Century Gothic';\"><span style=\"font-size: medium;\">Estas dos vanguardias prepararon el camino a la Generaci\u00f3n del 27.<\/span><\/span><\/p>\n<p style=\"text-align: justify;\"><span style=\"font-family: 'Century Gothic';\"> <\/span><span style=\"color: #008000;\"><strong><strong><img loading=\"lazy\" src=\"http:\/\/www.fotosearch.com\/bthumb\/CSP\/CSP258\/k2580389.jpg\" alt=\"\" width=\"45\" height=\"35\" align=\"absmiddle\" \/><\/strong><\/strong><\/span><span style=\"font-family: 'Century Gothic';\"><span style=\"font-size: medium;\"><span style=\"color: #008000;\"><strong>EL SURREALISMO<\/strong><\/span><\/span><\/span><\/p>\n<p style=\"text-align: justify; padding-left: 60px;\"><span style=\"font-family: 'Century Gothic';\"><\/span><strong><em><img loading=\"lazy\" src=\"http:\/\/www.fotosearch.com\/bthumb\/CSP\/CSP067\/k0670541.jpg\" alt=\"\" width=\"21\" height=\"21\" align=\"absmiddle\" \/><\/em><\/strong><span style=\"font-family: 'Century Gothic';\"><span style=\"font-size: medium;\">Nace en Francia con <span style=\"color: #ff6600;\"><strong>Andr\u00e9 Bret\u00f3n<\/strong><\/span>, quien publica en 1924 el Manifiesto del Surrealismo. Se bas\u00f3 en los estudios de Freud sobre el subconsciente y propuso que el arte deb\u00eda explorar en los estados inconscientes o subconscientes del hombre, normalmente en los sue\u00f1os, para descubrir su total personalidad. Esto genera una mayor libertad en el arte.<br \/>\n<\/span><\/span><strong><em><img loading=\"lazy\" src=\"http:\/\/www.fotosearch.com\/bthumb\/CSP\/CSP067\/k0670541.jpg\" alt=\"\" width=\"21\" height=\"21\" align=\"absmiddle\" \/><\/em><\/strong><span style=\"font-family: 'Century Gothic';\"><span style=\"font-size: medium;\">La obra surrealista puede obedecer entonces a un intento deliberado de transmitir un estado ca\u00f3tico (nuestro poetas se adhieren a este intento a veces).<br \/>\n<\/span><\/span><strong><em><img loading=\"lazy\" src=\"http:\/\/www.fotosearch.com\/bthumb\/CSP\/CSP067\/k0670541.jpg\" alt=\"\" width=\"21\" height=\"21\" align=\"absmiddle\" \/><\/em><\/strong><span style=\"font-family: 'Century Gothic';\"><span style=\"font-size: medium;\">Estilo del surrealismo:<br \/>\n&#8211; Supresi\u00f3n de nexos l\u00f3gicos.<br \/>\n&#8211; Met\u00e1foras inauditas e im\u00e1genes aparentemente sin sentido.<br \/>\n&#8211; Confusi\u00f3n entre el plano objetivo de la realidad y el subjetivo del poeta.<\/span><\/span><\/p>\n<p style=\"text-align: justify;\"><span style=\"color: #008000;\"><strong><img loading=\"lazy\" src=\"http:\/\/www.fotosearch.com\/bthumb\/CSP\/CSP258\/k2580390.jpg\" alt=\"\" width=\"45\" height=\"35\" align=\"absmiddle\" \/><\/strong><\/span><span style=\"font-family: 'Century Gothic';\"><span style=\"font-size: medium;\"><span style=\"color: #008000;\"><strong>OTROS VANGUARDISMOS<\/strong><\/span><\/span><\/span><\/p>\n<p style=\"text-align: justify; padding-left: 60px;\"><span style=\"font-family: 'Century Gothic';\"><span style=\"font-size: medium;\">Al lado de los vanguardismos mencionados, hay otros con menor repercusi\u00f3n en la literatura espa\u00f1ola, especialmente el futurismo y el dada\u00edsmo.<br \/>\n<\/span><\/span><span style=\"color: #ff6600;\"><strong><strong><em><img loading=\"lazy\" src=\"http:\/\/www.fotosearch.com\/bthumb\/CSP\/CSP067\/k0670541.jpg\" alt=\"\" width=\"21\" height=\"21\" align=\"absmiddle\" \/><\/em><\/strong><\/strong><\/span><span style=\"font-family: 'Century Gothic';\"><span style=\"font-size: medium;\"><span style=\"color: #ff6600;\"><strong> Futurismo<\/strong><\/span>: Fundado por Marinetti en 1909, exalta los avances tecnol\u00f3gicos del momento. Se caracteriza por:<br \/>\n&#8211; B\u00fasqueda de la belleza en el riesgo, la velocidad y la acci\u00f3n.<br \/>\n&#8211; Veneraci\u00f3n por la tecnolog\u00eda frente al \u201carte de museo\u201d.<br \/>\n&#8211; Ruptura de las normas tipogr\u00e1ficas.<br \/>\n<\/span><\/span><strong><em><img loading=\"lazy\" src=\"http:\/\/www.fotosearch.com\/bthumb\/CSP\/CSP067\/k0670541.jpg\" alt=\"\" width=\"21\" height=\"21\" align=\"absmiddle\" \/> <\/em><\/strong><span style=\"font-family: 'Century Gothic';\"><span style=\"font-size: medium;\"><span style=\"color: #ff6600;\"><strong>Dada\u00edsmo<\/strong><\/span>: Iniciado por Trist\u00e1n Tzara en 1915 surge como respuesta a la brutalidad de la I Guerra Mundial. Pretende combatir lo racional mediante lo absurdo y lo il\u00f3gico, mediante la producci\u00f3n de textos incoherentes producidos al azar.<\/span><\/span><\/p>\n<div>\n<div id=\"__ss_4694480\" style=\"width: 425px;\"><strong style=\"display: block; margin: 12px 0 4px;\"><a title=\"Las vanguardias\" href=\"http:\/\/www.slideshare.net\/apuntesdelengua.com\/las-vanguardias-4694480\"><br \/>\n<\/a><\/strong><\/div>\n<p style=\"text-align: center;\"><object id=\"__sse4694480\" classid=\"clsid:d27cdb6e-ae6d-11cf-96b8-444553540000\" width=\"541\" height=\"452\" codebase=\"http:\/\/download.macromedia.com\/pub\/shockwave\/cabs\/flash\/swflash.cab#version=6,0,40,0\"><param name=\"allowFullScreen\" value=\"true\" \/><param name=\"allowScriptAccess\" value=\"always\" \/><param name=\"src\" value=\"http:\/\/static.slidesharecdn.com\/swf\/ssplayer2.swf?doc=lasvanguardias-100706122007-phpapp01&amp;rel=0&amp;stripped_title=las-vanguardias-4694480\" \/><param name=\"name\" value=\"__sse4694480\" \/><param name=\"allowfullscreen\" value=\"true\" \/><embed id=\"__sse4694480\" type=\"application\/x-shockwave-flash\" width=\"541\" height=\"452\" src=\"http:\/\/static.slidesharecdn.com\/swf\/ssplayer2.swf?doc=lasvanguardias-100706122007-phpapp01&amp;rel=0&amp;stripped_title=las-vanguardias-4694480\" name=\"__sse4694480\" allowscriptaccess=\"always\" allowfullscreen=\"true\"><\/embed><\/object><\/p>\n<\/div>\n","protected":false},"excerpt":{"rendered":"<p>LOS MOVIMIENTOS DE VANGUARDIA a) Las vanguardias son una serie de movimientos art\u00edsticos (futurismo, cubismo, expresionismo, dada\u00edsmo, surrealismo, etc.) que se producen en Europa e Hispanoam\u00e9rica desde comienzos del siglo XX y que alcanzaron su esplendor a partir de la Primera Guerra Mundial (1914). b) Prop\u00f3sito de las vanguardias: Renovar radicalmente el arte (pintura, escultura,<\/p>\n","protected":false},"author":1,"featured_media":0,"parent":2870,"menu_order":6,"comment_status":"open","ping_status":"open","template":"onecolumn-page.php","meta":{"_monsterinsights_skip_tracking":false,"_monsterinsights_sitenote_active":false,"_monsterinsights_sitenote_note":"","_monsterinsights_sitenote_category":0},"aioseo_notices":[],"_links":{"self":[{"href":"http:\/\/www.apuntesdelengua.com\/blog\/wp-json\/wp\/v2\/pages\/2926"}],"collection":[{"href":"http:\/\/www.apuntesdelengua.com\/blog\/wp-json\/wp\/v2\/pages"}],"about":[{"href":"http:\/\/www.apuntesdelengua.com\/blog\/wp-json\/wp\/v2\/types\/page"}],"author":[{"embeddable":true,"href":"http:\/\/www.apuntesdelengua.com\/blog\/wp-json\/wp\/v2\/users\/1"}],"replies":[{"embeddable":true,"href":"http:\/\/www.apuntesdelengua.com\/blog\/wp-json\/wp\/v2\/comments?post=2926"}],"version-history":[{"count":5,"href":"http:\/\/www.apuntesdelengua.com\/blog\/wp-json\/wp\/v2\/pages\/2926\/revisions"}],"predecessor-version":[{"id":2931,"href":"http:\/\/www.apuntesdelengua.com\/blog\/wp-json\/wp\/v2\/pages\/2926\/revisions\/2931"}],"up":[{"embeddable":true,"href":"http:\/\/www.apuntesdelengua.com\/blog\/wp-json\/wp\/v2\/pages\/2870"}],"wp:attachment":[{"href":"http:\/\/www.apuntesdelengua.com\/blog\/wp-json\/wp\/v2\/media?parent=2926"}],"curies":[{"name":"wp","href":"https:\/\/api.w.org\/{rel}","templated":true}]}}