{"id":2930,"date":"2010-07-06T22:17:21","date_gmt":"2010-07-06T21:17:21","guid":{"rendered":"http:\/\/www.apuntesdelengua.com\/blog\/?page_id=2930"},"modified":"2010-08-04T12:26:45","modified_gmt":"2010-08-04T11:26:45","slug":"generacion-del-27","status":"publish","type":"page","link":"http:\/\/www.apuntesdelengua.com\/blog\/cursos\/4%c2%ba-eso\/generacion-del-27\/","title":{"rendered":"Generaci\u00f3n del 27"},"content":{"rendered":"<p style=\"text-align: justify;\"><span style=\"font-family: 'Century Gothic';\"><span style=\"font-size: medium;\"><br \/>\n<span style=\"color: #ff6600;\"><strong>Caracter\u00edsticas b\u00e1sicas:<\/strong><\/span><\/span><\/span><\/p>\n<p style=\"text-align: justify;\"><span style=\"font-family: 'Century Gothic';\"><span style=\"font-size: medium;\"><span style=\"color: #ff6600;\"> <\/span><br \/>\n<\/span><\/span><strong><em><img loading=\"lazy\" src=\"http:\/\/www.fotosearch.com\/bthumb\/CSP\/CSP067\/k0670541.jpg\" alt=\"\" width=\"21\" height=\"21\" align=\"absmiddle\" \/><\/em><\/strong><span style=\"font-family: 'Century Gothic';\"><span style=\"font-size: medium;\">Se ha llamado tambi\u00e9n Edad de Plata de las letras espa\u00f1olas. La literatura espa\u00f1ola adquiere con estos escritores un nivel alt\u00edsimo, equipar\u00e1ndose a cualquier grupo europeo.<br \/>\n<\/span><\/span><strong><em><img loading=\"lazy\" src=\"http:\/\/www.fotosearch.com\/bthumb\/CSP\/CSP067\/k0670541.jpg\" alt=\"\" width=\"21\" height=\"21\" align=\"absmiddle\" \/><\/em><\/strong><span style=\"font-family: 'Century Gothic';\"><span style=\"font-size: medium;\">Se designa Generaci\u00f3n del 27 principalmente a un grupo de POETAS que publicaron sus primeros escritos en torno a 1920. Los principales poetas son: Pedro Salinas, Jorge Guill\u00e9n, Gerardo Diego, D\u00e1maso Alonso, Federico Garc\u00eda Lorca, Vicente Aleixandre, Rafael Alberti, Luis Cernuda, Emilio Prados y Manuel Altolaguirre.<br \/>\n<\/span><\/span><strong><em><img loading=\"lazy\" src=\"http:\/\/www.fotosearch.com\/bthumb\/CSP\/CSP067\/k0670541.jpg\" alt=\"\" width=\"21\" height=\"21\" align=\"absmiddle\" \/><\/em><\/strong><span style=\"font-family: 'Century Gothic';\"><span style=\"font-size: medium;\">Fuera del grupo y trabajando en otras manifestaciones art\u00edsticas, aunque relacionados con ellos, hubo una serie de personajes, casi todos relacionados con los poetas de la Generaci\u00f3n del 27:<br \/>\nNovelistas: Ram\u00f3n J. Sender y Max Aub.<br \/>\nAutores de teatro: Alejandro Casona.<br \/>\nPintores: Salvador Dal\u00ed.<br \/>\nCineastas: Luis Bu\u00f1uel.<br \/>\nM\u00fasicos: Manuel de Falla.<\/span><\/span><\/p>\n<p style=\"text-align: justify;\"><span style=\"font-family: 'Century Gothic';\"><span style=\"font-size: medium;\"><br \/>\nEl acto cultural que dio <span style=\"color: #ff6600;\">origen al nombre de Generaci\u00f3n del\u00a0 27<\/span> fue la conmemoraci\u00f3n en el a\u00f1o 1927 del tercer centenario de la muerte de G\u00f3ngora. Con este acto realizado por estos poetas en Sevilla, el grupo se acercaba al poeta del Siglo de Oro (s. XVII), Luis de G\u00f3ngora, especialmente porque ve\u00edan en \u00e9l un maestro del vanguardismo y una poes\u00eda ingeniosa:<br \/>\nCultivada (culta)<br \/>\nCon una lengua po\u00e9tica distinta a la usual.<br \/>\nCon el gusto especial tambi\u00e9n del uso de la met\u00e1fora.<br \/>\n<\/span><\/span><\/p>\n<p style=\"text-align: justify;\"><span style=\"font-family: 'Century Gothic';\"><span style=\"font-size: medium;\">Fueron poetas unidos por la amistad. Muchos de ellos recibieron formaci\u00f3n en la <span style=\"color: #ff6600;\">Residencia de Estudiantes de Madrid<\/span>, foco estudiantil en el que recib\u00edan todas las novedades art\u00edsticas de Europa.<br \/>\n<\/span><\/span><\/p>\n<p style=\"text-align: justify;\"><span style=\"font-family: 'Century Gothic';\"><span style=\"font-size: medium;\"><span style=\"color: #ff6600;\"><strong>Innovaci\u00f3n y tradici\u00f3n:<\/strong><\/span><\/span><\/span><\/p>\n<p style=\"text-align: justify;\"><span style=\"font-family: 'Century Gothic';\"><span style=\"font-size: medium;\"><span style=\"color: #ff6600;\"> <\/span><br \/>\n<\/span><\/span><strong><em><img loading=\"lazy\" src=\"http:\/\/www.fotosearch.com\/bthumb\/CSP\/CSP067\/k0670541.jpg\" alt=\"\" width=\"21\" height=\"21\" align=\"absmiddle\" \/><\/em><\/strong><span style=\"font-family: 'Century Gothic';\"><span style=\"font-size: medium;\">Esta es quiz\u00e1 una de las caracter\u00edsticas m\u00e1s importantes de estos poetas. Se explica a trav\u00e9s de las influencias que recibieron:<br \/>\n<\/span><\/span><strong><em><img loading=\"lazy\" src=\"http:\/\/www.fotosearch.com\/bthumb\/CSP\/CSP067\/k0670541.jpg\" alt=\"\" width=\"21\" height=\"21\" align=\"absmiddle\" \/><\/em><\/strong><span style=\"font-family: 'Century Gothic';\"><span style=\"font-size: medium;\">Influencias extranjeras modernas: las influencias vanguardistas europeas e hispanoamericanas.<br \/>\n<\/span><\/span><strong><em><img loading=\"lazy\" src=\"http:\/\/www.fotosearch.com\/bthumb\/CSP\/CSP067\/k0670541.jpg\" alt=\"\" width=\"21\" height=\"21\" align=\"absmiddle\" \/><\/em><\/strong><span style=\"font-family: 'Century Gothic';\"><span style=\"font-size: medium;\">Las influencias espa\u00f1olas modernas: sobre todo de los poetas Juan Ram\u00f3n Jim\u00e9nez, Antonio Machado y Unamuno, y los escritores Ortega y Gasset y R. G\u00f3mez de la Serna.<br \/>\n<\/span><\/span><strong><em><img loading=\"lazy\" src=\"http:\/\/www.fotosearch.com\/bthumb\/CSP\/CSP067\/k0670541.jpg\" alt=\"\" width=\"21\" height=\"21\" align=\"absmiddle\" \/><\/em><\/strong><span style=\"font-family: 'Century Gothic';\"><span style=\"font-size: medium;\">Influencias de los cl\u00e1sicos espa\u00f1oles: G\u00f3ngora, B\u00e9cquer y la l\u00edrica popular y tradicional.<br \/>\n<\/span><\/span><strong><em><img loading=\"lazy\" src=\"http:\/\/www.fotosearch.com\/bthumb\/CSP\/CSP067\/k0670541.jpg\" alt=\"\" width=\"21\" height=\"21\" align=\"absmiddle\" \/><\/em><\/strong><span style=\"font-family: 'Century Gothic';\"><span style=\"font-size: medium;\">As\u00ed pues, estos poetas supieron integrar lo NUEVO, lo CULTO y lo POPULAR. Esto quiere decir que no rechazaron la tradici\u00f3n (a pesar de que eran vanguardistas) y lograron renovarla.<br \/>\n<\/span><\/span><\/p>\n<p style=\"text-align: justify;\">\n<p style=\"text-align: justify;\"><span style=\"font-family: 'Century Gothic';\"><span style=\"font-size: medium;\"><span style=\"color: #ff6600;\"><strong>ETAPAS DE LA GENERACI\u00d3N DEL 27<\/strong><\/span><\/span><\/span><\/p>\n<p style=\"text-align: justify;\"><span style=\"font-family: 'Century Gothic';\"><span style=\"font-size: medium;\">Pueden se\u00f1alarse <span style=\"color: #ff6600;\">tres etapas<\/span> comunes a los integrantes de la Generaci\u00f3n del 27:<br \/>\n<\/span><\/span><\/p>\n<p style=\"text-align: justify;\"><strong><span style=\"color: #008000;\"><span style=\"font-family: 'Century Gothic';\"><span style=\"font-size: medium;\">a)\tPrimera etapa: Hasta 1927 aproximadamente.<\/span><\/span><\/span><\/strong><\/p>\n<p style=\"text-align: justify; padding-left: 60px;\"><span style=\"font-family: 'Century Gothic';\"> <\/span><strong><em><img loading=\"lazy\" src=\"http:\/\/www.fotosearch.com\/bthumb\/CSP\/CSP067\/k0670541.jpg\" alt=\"\" width=\"21\" height=\"21\" align=\"absmiddle\" \/><\/em><\/strong><span style=\"font-family: 'Century Gothic';\"><span style=\"font-size: medium;\">Predomina en una primera fase la POES\u00cdA PURA, es decir, sin ret\u00f3rica, sin elementos narrativos y sentimentales, siguiendo el modelo de Juan Ram\u00f3n Jim\u00e9nez en Diario de un poeta reci\u00e9n casado).<br \/>\n<\/span><\/span><strong><em><img loading=\"lazy\" src=\"http:\/\/www.fotosearch.com\/bthumb\/CSP\/CSP067\/k0670541.jpg\" alt=\"\" width=\"21\" height=\"21\" align=\"absmiddle\" \/><\/em><\/strong><span style=\"font-family: 'Century Gothic';\"><span style=\"font-size: medium;\">Recuperaci\u00f3n de la POES\u00cdA CL\u00c1SICA (G\u00f3ngora) y de las formas de la POES\u00cdA POPULAR.<\/span><\/span><\/p>\n<p style=\"text-align: justify;\"><span style=\"font-family: 'Century Gothic';\"><span style=\"font-size: medium;\"><span style=\"color: #008000;\"><strong>b)\tSegunda etapa: De 1927 a la Guerra Civil (1936).<\/strong><\/span><\/span><\/span><\/p>\n<p style=\"text-align: justify; padding-left: 60px;\"><span style=\"font-family: 'Century Gothic';\"> <\/span><strong><em><img loading=\"lazy\" src=\"http:\/\/www.fotosearch.com\/bthumb\/CSP\/CSP067\/k0670541.jpg\" alt=\"\" width=\"21\" height=\"21\" align=\"absmiddle\" \/><\/em><\/strong><span style=\"font-family: 'Century Gothic';\"><span style=\"font-size: medium;\">Tras la recuperaci\u00f3n de G\u00f3ngora en 1927, surge la segunda fase en la que se produce la HUMANIZAZI\u00d3N de la poes\u00eda. Este hecho coincide con la aparici\u00f3n en estos poetas del SURREALISMO FRANC\u00c9S.<br \/>\n<\/span><\/span><strong><em><img loading=\"lazy\" src=\"http:\/\/www.fotosearch.com\/bthumb\/CSP\/CSP067\/k0670541.jpg\" alt=\"\" width=\"21\" height=\"21\" align=\"absmiddle\" \/><\/em><\/strong><span style=\"font-family: 'Century Gothic';\"><span style=\"font-size: medium;\">El surrealismo, por otro lado, permit\u00eda que surgieran en la poes\u00eda de la Generaci\u00f3n del 27 los problemas humanos y existenciales, junto a la protesta social y pol\u00edtica, sobre todo en los a\u00f1os de la Segunda Rep\u00fablica Espa\u00f1ola (1931-1936).<br \/>\n<\/span><\/span><\/p>\n<p style=\"text-align: justify;\"><span style=\"color: #008000;\"><strong><span style=\"font-family: 'Century Gothic';\"><span style=\"font-size: medium;\">c)\tTercera etapa: Despu\u00e9s de la Guerra Civil.<\/span><\/span><\/strong><\/span><\/p>\n<p style=\"text-align: justify; padding-left: 60px;\"><span style=\"font-family: 'Century Gothic';\"> <\/span><strong><em><img loading=\"lazy\" src=\"http:\/\/www.fotosearch.com\/bthumb\/CSP\/CSP067\/k0670541.jpg\" alt=\"\" width=\"21\" height=\"21\" align=\"absmiddle\" \/><\/em><\/strong><span style=\"font-family: 'Century Gothic';\"><span style=\"font-size: medium;\">Tras la Guerra Civil (1936-1939), el grupo del 27 se dispers\u00f3. Todos se exialiaron excepto D\u00e1maso Alonso, Vicente Aleixandre y Gerardo Diego.<br \/>\n<\/span><\/span><strong><em><img loading=\"lazy\" src=\"http:\/\/www.fotosearch.com\/bthumb\/CSP\/CSP067\/k0670541.jpg\" alt=\"\" width=\"21\" height=\"21\" align=\"absmiddle\" \/><\/em><\/strong><span style=\"font-family: 'Century Gothic';\"><span style=\"font-size: medium;\">Por tanto, esta dispersi\u00f3n del grupo provoc\u00f3 que cada uno siguiese una evoluci\u00f3n po\u00e9tica m\u00e1s personal.<\/span><\/span><\/p>\n<p style=\"text-align: justify; padding-left: 60px;\">\n<p style=\"text-align: justify;\"><span style=\"color: #ff6600;\"><strong><span style=\"font-family: 'Century Gothic';\"><span style=\"font-size: medium;\">POETAS DE LA GENERACI\u00d3N DEL 27<\/span><\/span><\/strong><\/span><\/p>\n<p style=\"text-align: justify;\"><span style=\"font-family: 'Century Gothic';\"><span style=\"font-size: medium;\">Pincha sobre el nombre de cada uno de los componentes de la Generaci\u00f3n del 27 para acceder a la informaci\u00f3n individual de cada uno de ellos:<\/p>\n<p style=\"text-align: justify; padding-left: 90px;\"><a href=\"http:\/\/www.apuntesdelengua.com\/blog\/?page_id=2932\" target=\"_blank\"><span style=\"font-family: 'Century Gothic';\"><span style=\"font-size: medium;\">Federico Garc\u00eda Lorca<\/span><\/span><\/a><\/p>\n<p style=\"text-align: justify; padding-left: 90px;\"><a href=\"http:\/\/www.apuntesdelengua.com\/blog\/?page_id=2942\" target=\"_blank\"><span style=\"font-family: 'Century Gothic';\"><span style=\"font-size: medium;\">Gerardo Diego<\/span><\/span><\/a><\/p>\n<p style=\"text-align: justify; padding-left: 90px;\"><a href=\"http:\/\/www.apuntesdelengua.com\/blog\/?page_id=2946 \" target=\"_blank\"><span style=\"font-family: 'Century Gothic';\"><span style=\"font-size: medium;\">Rafael Alberti<\/span><\/span><\/a><\/p>\n<p style=\"text-align: justify; padding-left: 90px;\"><a href=\"http:\/\/www.apuntesdelengua.com\/blog\/?page_id=2950\" target=\"_blank\"><span style=\"font-family: 'Century Gothic';\"><span style=\"font-size: medium;\">Pedro Salinas<\/span><\/span><\/a><\/p>\n<p style=\"text-align: justify; padding-left: 90px;\"><a href=\"http:\/\/www.apuntesdelengua.com\/blog\/?page_id=2952\" target=\"_blank\"><span style=\"font-family: 'Century Gothic';\"><span style=\"font-size: medium;\">Jorge Guill\u00e9n<\/span><\/span><\/a><\/p>\n<p style=\"text-align: justify; padding-left: 90px;\"><a href=\"http:\/\/www.apuntesdelengua.com\/blog\/?page_id=2952\" target=\"_blank\"><span style=\"font-family: 'Century Gothic';\"><span style=\"font-size: medium;\">Luis Cernuda<\/span><\/span><\/a><\/p>\n<p style=\"text-align: justify; padding-left: 90px;\"><a href=\"http:\/\/www.apuntesdelengua.com\/blog\/?page_id=2954 \" target=\"_blank\"><span style=\"font-family: 'Century Gothic';\"><span style=\"font-size: medium;\">D\u00e1maso Alonso<\/span><\/span><\/a><\/p>\n<p style=\"text-align: justify; padding-left: 90px;\"><a href=\"http:\/\/www.apuntesdelengua.com\/blog\/?page_id=2954 \" target=\"_blank\"><span style=\"font-family: 'Century Gothic';\"><span style=\"font-size: medium;\">Vicente Aleixandre<\/span><\/span><\/a><\/p>\n<p style=\"text-align: justify; padding-left: 90px;\">\n<p style=\"text-align: justify;\"><img loading=\"lazy\" src=\"http:\/\/www.radiantveracity.com\/wp-content\/uploads\/2009\/08\/Icon-YouTube.png\" alt=\"\" width=\"137\" height=\"137\" align=\"absmiddle\" \/><span style=\"font-family: 'Century Gothic';\"><span style=\"font-size: large;\"><strong><span style=\"color: #008000;\">Breve reportaje sobre la Generaci\u00f3n del 27<br \/>\n<\/span><\/strong><\/span><\/span><\/p>\n<p style=\"text-align: justify;\">\n<p style=\"text-align: center;\">httpv:\/\/www.youtube.com\/watch?v=jyhWnJ8i5QM<\/p>\n","protected":false},"excerpt":{"rendered":"<p>Caracter\u00edsticas b\u00e1sicas: Se ha llamado tambi\u00e9n Edad de Plata de las letras espa\u00f1olas. La literatura espa\u00f1ola adquiere con estos escritores un nivel alt\u00edsimo, equipar\u00e1ndose a cualquier grupo europeo. Se designa Generaci\u00f3n del 27 principalmente a un grupo de POETAS que publicaron sus primeros escritos en torno a 1920. Los principales poetas son: Pedro Salinas, Jorge<\/p>\n","protected":false},"author":1,"featured_media":0,"parent":2870,"menu_order":7,"comment_status":"open","ping_status":"open","template":"onecolumn-page.php","meta":{"_monsterinsights_skip_tracking":false,"_monsterinsights_sitenote_active":false,"_monsterinsights_sitenote_note":"","_monsterinsights_sitenote_category":0},"aioseo_notices":[],"_links":{"self":[{"href":"http:\/\/www.apuntesdelengua.com\/blog\/wp-json\/wp\/v2\/pages\/2930"}],"collection":[{"href":"http:\/\/www.apuntesdelengua.com\/blog\/wp-json\/wp\/v2\/pages"}],"about":[{"href":"http:\/\/www.apuntesdelengua.com\/blog\/wp-json\/wp\/v2\/types\/page"}],"author":[{"embeddable":true,"href":"http:\/\/www.apuntesdelengua.com\/blog\/wp-json\/wp\/v2\/users\/1"}],"replies":[{"embeddable":true,"href":"http:\/\/www.apuntesdelengua.com\/blog\/wp-json\/wp\/v2\/comments?post=2930"}],"version-history":[{"count":7,"href":"http:\/\/www.apuntesdelengua.com\/blog\/wp-json\/wp\/v2\/pages\/2930\/revisions"}],"predecessor-version":[{"id":3655,"href":"http:\/\/www.apuntesdelengua.com\/blog\/wp-json\/wp\/v2\/pages\/2930\/revisions\/3655"}],"up":[{"embeddable":true,"href":"http:\/\/www.apuntesdelengua.com\/blog\/wp-json\/wp\/v2\/pages\/2870"}],"wp:attachment":[{"href":"http:\/\/www.apuntesdelengua.com\/blog\/wp-json\/wp\/v2\/media?parent=2930"}],"curies":[{"name":"wp","href":"https:\/\/api.w.org\/{rel}","templated":true}]}}